{"id":238400,"date":"2020-09-17T12:06:39","date_gmt":"2020-09-17T16:06:39","guid":{"rendered":"https:\/\/gobiernu.cw\/?post_type=nieuw&#038;p=238400"},"modified":"2020-09-17T12:07:13","modified_gmt":"2020-09-17T16:07:13","slug":"positie-en-keuzes-van-de-overheid-voor-een-nieuw-concept-voor-nationale-jeugdfeesten","status":"publish","type":"nieuw","link":"https:\/\/gobiernu.cw\/nl\/nieuw\/positie-en-keuzes-van-de-overheid-voor-een-nieuw-concept-voor-nationale-jeugdfeesten\/","title":{"rendered":"Positie en keuzes van de overheid voor een nieuw concept voor nationale jeugdfeesten"},"content":{"rendered":"<p><span style=\"font-weight: 400;\">WILLEMSTAD \u2013 Na overleg over verschillende voorstellen heeft de Cura\u00e7aose overheid haar positie ingenomen ten aanzien van nationale jeugdfeesten binnen onze gemeenschap. Uitgangspunt voor de organisatie van ieder kinderfeest is, dat het gelijkheid van etniciteit, geloof en afkomst moet bevorderen. We zijn een creatief volk en de overheid ziet een gelegenheid voor Cura\u00e7ao om haar eigen jeugdfeesten te cre\u00ebren met innovatieve aspecten.<\/span><\/p>\n<p><b>Positie van de Cura\u00e7aose overheid\u00a0<\/b><\/p>\n<p><span style=\"font-weight: 400;\">De Cura\u00e7aose overheid zal dus geen steun verlenen noch toestemming geven om activiteiten voor de jeugd te organiseren die aspecten van discriminatie hebben. De Cura\u00e7aose overheid erkent en benadrukt de aanbevelingen in het rapport van de werkgroep van de Verenigde Naties <\/span><span style=\"font-weight: 400;\">(\u201cReport of the Working Group of Experts on People of African Descent\u201d van juli 2015) die zeggen dat het de taak van de overheid is om inclusie in de gemeenschap te ondersteunen door middel van activiteiten die de capaciteiten en competenties van burgers bevorderen of versterken.<\/span><\/p>\n<p><span style=\"font-weight: 400;\">Omdat het uitgangspunt van de overheid is dat de Cura\u00e7aose overheid geen steun verleent aan evenementen die gevoelens van onderdrukking en racisme oproepen, kan er geen steun verleend worden aan de Sint Nicolaasviering die, in zijn huidige vorm, een feest is met discriminerende aspecten voor gekleurde mensen \/ Afrikaanse afkomst. Al sinds 2011 heeft de Cura\u00e7aose overheid het besluit genomen om de subsidie voor dit feest stop te zetten en de subsidie is elk jaar met 25% afgenomen om deze geheel af te schaffen. Dit betekent dat de Cura\u00e7aose overheid op dit moment al geen subsidie meer verstrekt voor de Sint Nicolaasviering.<\/span><\/p>\n<p><b>Nieuw concept voor jeugdfeesten<\/b><\/p>\n<p><span style=\"font-weight: 400;\">Het Ministerie van Onderwijs, Wetenschap, Cultuur en Sport is in de afronding van een cultuurbeleid en is in dit kader tot een benadering van samenwerken met diverse organisaties gekomen voor een nieuw concept voor een nationaal jeugdfeest.\u00a0<\/span><\/p>\n<p><span style=\"font-weight: 400;\">Het nieuwe concept voor een nationaal kinderfeest moet voldoen aan enkele van de volgende eisen:<\/span><\/p>\n<ol>\n<li style=\"font-weight: 400;\"><span style=\"font-weight: 400;\">Her nieuwe concept wordt gecre\u00eberd door onze eigen mensen en heeft aspecten die onze cultuur, ons erfgoed en onze creativiteit benadrukken;<\/span><\/li>\n<li style=\"font-weight: 400;\"><span style=\"font-weight: 400;\">De activiteit bevordert deelname van alle kinderen van ieder ras, geloof en afkomst en viert onze verscheidenheid;<\/span><\/li>\n<li style=\"font-weight: 400;\"><span style=\"font-weight: 400;\">De viering en\/of activiteit is educatief;<\/span><\/li>\n<li style=\"font-weight: 400;\"><span style=\"font-weight: 400;\">De activiteit stimuleert de creativiteit van kinderen;<\/span><\/li>\n<li style=\"font-weight: 400;\"><span style=\"font-weight: 400;\">De activiteit geeft een positieve impuls aan samenwerking, versterkt het karakter en helpt bij de opbouw van onze natie \u00a0(\u201dnationbuilding\u201d);<\/span><\/li>\n<li style=\"font-weight: 400;\"><span style=\"font-weight: 400;\">De activiteit stimuleert de voordelen van goed samenwerken;<\/span><\/li>\n<li style=\"font-weight: 400;\"><span style=\"font-weight: 400;\">Er worden sociaalemotionele en sociaal-culturele aspecten gebruikt in het geval van materialen om kinderen te belonen op basis van hun positieve gedrag;<\/span><\/li>\n<li style=\"font-weight: 400;\"><span style=\"font-weight: 400;\">Het voorstel is dat het feest plaatsvindt rond de internationale dag van het kind (20 november).<\/span><\/li>\n<\/ol>\n<p><span style=\"font-weight: 400;\">Binnenkort zal het Cura\u00e7aose volk meer informatie ontvangen over dit nieuwe concept voor een jeugdfeest. Het voorstel voor het jeugdfeest is een methode die tot structurele resultaten kan leiden en voortgezet wordt in de educatie van onze kinderen en die past in de visie van de overheid voor de complete vorming van het kind, ondersteund door de gehele gemeenschap.<\/span><\/p>\n<p><b>Dialoog met belangengroepen<\/b><\/p>\n<p><span style=\"font-weight: 400;\">De Cura\u00e7aose Regering gaat akkoord om de Sector Cultuur en Sport steun te verlenen voor de implementatie van een nieuw concept voor een jeugdfeest en heeft een oproep gedaan aan de partijen om samen te werken om te slagen bij de implementatie van het nieuwe concept. De Sector Cultuur en Sport is aangewezen om nu en in de komende jaren de ontwikkelingen van een nieuw feest voor onze kinderen te monitoren en te evalueren. De Sector Cultuur en Sport blijft overleggen en de dialoog aangaan met belangengroepen om bewustzijn te cre\u00ebren voor culturele feesten die onze gemeenschap stimuleren en verenigen, in het kader van onze historische multiculturele afkomst, door middel van lezingen, workshops en bewustwordingscampagnes.<\/span><\/p>\n<p><span style=\"font-weight: 400;\">De Cura\u00e7aose overheid gelooft in een nieuwe ontwikkeling en pleit ervoor om samen met de gehele gemeenschap te slagen in de concretisering van een nieuw concept dat een nationale jeugdviering voor onze kinderen van Cura\u00e7ao zal worden.\u00a0<\/span><\/p>\n","protected":false},"excerpt":{"rendered":"<p>WILLEMSTAD \u2013 Na overleg over verschillende voorstellen heeft de Cura\u00e7aose overheid haar positie ingenomen ten aanzien van nationale jeugdfeesten binnen onze gemeenschap. Uitgangspunt voor de organisatie<span class=\"excerpt-hellip\"> [\u2026]<\/span><\/p>\n","protected":false},"featured_media":238104,"parent":0,"template":"","nieuws_category":[133],"ministry":[210],"class_list":["post-238400","nieuw","type-nieuw","status-publish","has-post-thumbnail","hentry","nieuws_category-persberichten-nl","ministry-onderwijs-wetenschap-cultuur-sport"],"acf":[],"yoast_head":"<!-- This site is optimized with the Yoast SEO plugin v28.4 - https:\/\/yoast.com\/product\/yoast-seo-wordpress\/ -->\n<title>Positie en keuzes van de overheid voor een nieuw concept voor nationale jeugdfeesten - Informashon tokante Gobi\u00e8rnu di K\u00f2rsou<\/title>\n<meta name=\"robots\" content=\"noindex, follow\" \/>\n<meta name=\"twitter:card\" content=\"summary_large_image\" \/>\n<meta name=\"twitter:title\" content=\"Positie en keuzes van de overheid voor een nieuw concept voor nationale jeugdfeesten - Informashon tokante Gobi\u00e8rnu di K\u00f2rsou\" \/>\n<meta name=\"twitter:description\" content=\"WILLEMSTAD \u2013 Na overleg over verschillende voorstellen heeft de Cura\u00e7aose overheid haar positie ingenomen ten aanzien van nationale jeugdfeesten binnen onze gemeenschap. Uitgangspunt voor de organisatie [\u2026]\" \/>\n<meta name=\"twitter:image\" content=\"https:\/\/gobiernu.cw\/wp-content\/uploads\/2020\/09\/Fiesta-hubenil-sep-2020.jpeg\" \/>\n<meta name=\"twitter:label1\" content=\"Geschatte leestijd\" \/>\n\t<meta name=\"twitter:data1\" content=\"3 minuten\" \/>\n<script type=\"application\/ld+json\" class=\"yoast-schema-graph\">{\"@context\":\"https:\\\/\\\/schema.org\",\"@graph\":[{\"@type\":\"WebPage\",\"@id\":\"https:\\\/\\\/gobiernu.cw\\\/nl\\\/nieuw\\\/positie-en-keuzes-van-de-overheid-voor-een-nieuw-concept-voor-nationale-jeugdfeesten\\\/\",\"url\":\"https:\\\/\\\/gobiernu.cw\\\/nl\\\/nieuw\\\/positie-en-keuzes-van-de-overheid-voor-een-nieuw-concept-voor-nationale-jeugdfeesten\\\/\",\"name\":\"Positie en keuzes van de overheid voor een nieuw concept voor nationale jeugdfeesten - Informashon tokante Gobi\u00e8rnu di K\u00f2rsou\",\"isPartOf\":{\"@id\":\"https:\\\/\\\/gobiernu.cw\\\/#website\"},\"primaryImageOfPage\":{\"@id\":\"https:\\\/\\\/gobiernu.cw\\\/nl\\\/nieuw\\\/positie-en-keuzes-van-de-overheid-voor-een-nieuw-concept-voor-nationale-jeugdfeesten\\\/#primaryimage\"},\"image\":{\"@id\":\"https:\\\/\\\/gobiernu.cw\\\/nl\\\/nieuw\\\/positie-en-keuzes-van-de-overheid-voor-een-nieuw-concept-voor-nationale-jeugdfeesten\\\/#primaryimage\"},\"thumbnailUrl\":\"https:\\\/\\\/gobiernu.cw\\\/wp-content\\\/uploads\\\/2020\\\/09\\\/Fiesta-hubenil-sep-2020.jpeg\",\"datePublished\":\"2020-09-17T16:06:39+00:00\",\"dateModified\":\"2020-09-17T16:07:13+00:00\",\"breadcrumb\":{\"@id\":\"https:\\\/\\\/gobiernu.cw\\\/nl\\\/nieuw\\\/positie-en-keuzes-van-de-overheid-voor-een-nieuw-concept-voor-nationale-jeugdfeesten\\\/#breadcrumb\"},\"inLanguage\":\"nl-NL\",\"potentialAction\":[{\"@type\":\"ReadAction\",\"target\":[\"https:\\\/\\\/gobiernu.cw\\\/nl\\\/nieuw\\\/positie-en-keuzes-van-de-overheid-voor-een-nieuw-concept-voor-nationale-jeugdfeesten\\\/\"]}]},{\"@type\":\"ImageObject\",\"inLanguage\":\"nl-NL\",\"@id\":\"https:\\\/\\\/gobiernu.cw\\\/nl\\\/nieuw\\\/positie-en-keuzes-van-de-overheid-voor-een-nieuw-concept-voor-nationale-jeugdfeesten\\\/#primaryimage\",\"url\":\"https:\\\/\\\/gobiernu.cw\\\/wp-content\\\/uploads\\\/2020\\\/09\\\/Fiesta-hubenil-sep-2020.jpeg\",\"contentUrl\":\"https:\\\/\\\/gobiernu.cw\\\/wp-content\\\/uploads\\\/2020\\\/09\\\/Fiesta-hubenil-sep-2020.jpeg\",\"width\":1600,\"height\":963},{\"@type\":\"BreadcrumbList\",\"@id\":\"https:\\\/\\\/gobiernu.cw\\\/nl\\\/nieuw\\\/positie-en-keuzes-van-de-overheid-voor-een-nieuw-concept-voor-nationale-jeugdfeesten\\\/#breadcrumb\",\"itemListElement\":[{\"@type\":\"ListItem\",\"position\":1,\"name\":\"Home\",\"item\":\"https:\\\/\\\/gobiernu.cw\\\/nl\\\/\"},{\"@type\":\"ListItem\",\"position\":2,\"name\":\"Nieuws\",\"item\":\"https:\\\/\\\/gobiernu.cw\\\/nl\\\/nieuws\\\/\"},{\"@type\":\"ListItem\",\"position\":3,\"name\":\"Positie en keuzes van de overheid voor een nieuw concept voor nationale jeugdfeesten\"}]},{\"@type\":\"WebSite\",\"@id\":\"https:\\\/\\\/gobiernu.cw\\\/#website\",\"url\":\"https:\\\/\\\/gobiernu.cw\\\/\",\"name\":\"Informashon tokante Gobi\u00e8rnu di K\u00f2rsou\",\"description\":\"Gobi\u00e8rnu di K\u00f2rsou\",\"publisher\":{\"@id\":\"https:\\\/\\\/gobiernu.cw\\\/#organization\"},\"potentialAction\":[{\"@type\":\"SearchAction\",\"target\":{\"@type\":\"EntryPoint\",\"urlTemplate\":\"https:\\\/\\\/gobiernu.cw\\\/?s={search_term_string}\"},\"query-input\":{\"@type\":\"PropertyValueSpecification\",\"valueRequired\":true,\"valueName\":\"search_term_string\"}}],\"inLanguage\":\"nl-NL\"},{\"@type\":\"Organization\",\"@id\":\"https:\\\/\\\/gobiernu.cw\\\/#organization\",\"name\":\"Gobi\u00e8rnu di K\u00f2rsou\",\"url\":\"https:\\\/\\\/gobiernu.cw\\\/\",\"logo\":{\"@type\":\"ImageObject\",\"inLanguage\":\"nl-NL\",\"@id\":\"https:\\\/\\\/gobiernu.cw\\\/#\\\/schema\\\/logo\\\/image\\\/\",\"url\":\"https:\\\/\\\/gobiernu.cw\\\/wp-content\\\/uploads\\\/2019\\\/01\\\/Logo_regering_3.png\",\"contentUrl\":\"https:\\\/\\\/gobiernu.cw\\\/wp-content\\\/uploads\\\/2019\\\/01\\\/Logo_regering_3.png\",\"width\":129,\"height\":115,\"caption\":\"Gobi\u00e8rnu di K\u00f2rsou\"},\"image\":{\"@id\":\"https:\\\/\\\/gobiernu.cw\\\/#\\\/schema\\\/logo\\\/image\\\/\"}}]}<\/script>\n<!-- \/ Yoast SEO plugin. -->","yoast_head_json":{"title":"Positie en keuzes van de overheid voor een nieuw concept voor nationale jeugdfeesten - Informashon tokante Gobi\u00e8rnu di K\u00f2rsou","robots":{"index":"noindex","follow":"follow"},"twitter_card":"summary_large_image","twitter_title":"Positie en keuzes van de overheid voor een nieuw concept voor nationale jeugdfeesten - Informashon tokante Gobi\u00e8rnu di K\u00f2rsou","twitter_description":"WILLEMSTAD \u2013 Na overleg over verschillende voorstellen heeft de Cura\u00e7aose overheid haar positie ingenomen ten aanzien van nationale jeugdfeesten binnen onze gemeenschap. Uitgangspunt voor de organisatie [\u2026]","twitter_image":"https:\/\/gobiernu.cw\/wp-content\/uploads\/2020\/09\/Fiesta-hubenil-sep-2020.jpeg","twitter_misc":{"Geschatte leestijd":"3 minuten"},"schema":{"@context":"https:\/\/schema.org","@graph":[{"@type":"WebPage","@id":"https:\/\/gobiernu.cw\/nl\/nieuw\/positie-en-keuzes-van-de-overheid-voor-een-nieuw-concept-voor-nationale-jeugdfeesten\/","url":"https:\/\/gobiernu.cw\/nl\/nieuw\/positie-en-keuzes-van-de-overheid-voor-een-nieuw-concept-voor-nationale-jeugdfeesten\/","name":"Positie en keuzes van de overheid voor een nieuw concept voor nationale jeugdfeesten - Informashon tokante Gobi\u00e8rnu di K\u00f2rsou","isPartOf":{"@id":"https:\/\/gobiernu.cw\/#website"},"primaryImageOfPage":{"@id":"https:\/\/gobiernu.cw\/nl\/nieuw\/positie-en-keuzes-van-de-overheid-voor-een-nieuw-concept-voor-nationale-jeugdfeesten\/#primaryimage"},"image":{"@id":"https:\/\/gobiernu.cw\/nl\/nieuw\/positie-en-keuzes-van-de-overheid-voor-een-nieuw-concept-voor-nationale-jeugdfeesten\/#primaryimage"},"thumbnailUrl":"https:\/\/gobiernu.cw\/wp-content\/uploads\/2020\/09\/Fiesta-hubenil-sep-2020.jpeg","datePublished":"2020-09-17T16:06:39+00:00","dateModified":"2020-09-17T16:07:13+00:00","breadcrumb":{"@id":"https:\/\/gobiernu.cw\/nl\/nieuw\/positie-en-keuzes-van-de-overheid-voor-een-nieuw-concept-voor-nationale-jeugdfeesten\/#breadcrumb"},"inLanguage":"nl-NL","potentialAction":[{"@type":"ReadAction","target":["https:\/\/gobiernu.cw\/nl\/nieuw\/positie-en-keuzes-van-de-overheid-voor-een-nieuw-concept-voor-nationale-jeugdfeesten\/"]}]},{"@type":"ImageObject","inLanguage":"nl-NL","@id":"https:\/\/gobiernu.cw\/nl\/nieuw\/positie-en-keuzes-van-de-overheid-voor-een-nieuw-concept-voor-nationale-jeugdfeesten\/#primaryimage","url":"https:\/\/gobiernu.cw\/wp-content\/uploads\/2020\/09\/Fiesta-hubenil-sep-2020.jpeg","contentUrl":"https:\/\/gobiernu.cw\/wp-content\/uploads\/2020\/09\/Fiesta-hubenil-sep-2020.jpeg","width":1600,"height":963},{"@type":"BreadcrumbList","@id":"https:\/\/gobiernu.cw\/nl\/nieuw\/positie-en-keuzes-van-de-overheid-voor-een-nieuw-concept-voor-nationale-jeugdfeesten\/#breadcrumb","itemListElement":[{"@type":"ListItem","position":1,"name":"Home","item":"https:\/\/gobiernu.cw\/nl\/"},{"@type":"ListItem","position":2,"name":"Nieuws","item":"https:\/\/gobiernu.cw\/nl\/nieuws\/"},{"@type":"ListItem","position":3,"name":"Positie en keuzes van de overheid voor een nieuw concept voor nationale jeugdfeesten"}]},{"@type":"WebSite","@id":"https:\/\/gobiernu.cw\/#website","url":"https:\/\/gobiernu.cw\/","name":"Informashon tokante Gobi\u00e8rnu di K\u00f2rsou","description":"Gobi\u00e8rnu di K\u00f2rsou","publisher":{"@id":"https:\/\/gobiernu.cw\/#organization"},"potentialAction":[{"@type":"SearchAction","target":{"@type":"EntryPoint","urlTemplate":"https:\/\/gobiernu.cw\/?s={search_term_string}"},"query-input":{"@type":"PropertyValueSpecification","valueRequired":true,"valueName":"search_term_string"}}],"inLanguage":"nl-NL"},{"@type":"Organization","@id":"https:\/\/gobiernu.cw\/#organization","name":"Gobi\u00e8rnu di K\u00f2rsou","url":"https:\/\/gobiernu.cw\/","logo":{"@type":"ImageObject","inLanguage":"nl-NL","@id":"https:\/\/gobiernu.cw\/#\/schema\/logo\/image\/","url":"https:\/\/gobiernu.cw\/wp-content\/uploads\/2019\/01\/Logo_regering_3.png","contentUrl":"https:\/\/gobiernu.cw\/wp-content\/uploads\/2019\/01\/Logo_regering_3.png","width":129,"height":115,"caption":"Gobi\u00e8rnu di K\u00f2rsou"},"image":{"@id":"https:\/\/gobiernu.cw\/#\/schema\/logo\/image\/"}}]}},"jetpack_sharing_enabled":true,"_links":{"self":[{"href":"https:\/\/gobiernu.cw\/nl\/wp-json\/wp\/v2\/nieuw\/238400","targetHints":{"allow":["GET"]}}],"collection":[{"href":"https:\/\/gobiernu.cw\/nl\/wp-json\/wp\/v2\/nieuw"}],"about":[{"href":"https:\/\/gobiernu.cw\/nl\/wp-json\/wp\/v2\/types\/nieuw"}],"wp:featuredmedia":[{"embeddable":true,"href":"https:\/\/gobiernu.cw\/nl\/wp-json\/wp\/v2\/media\/238104"}],"wp:attachment":[{"href":"https:\/\/gobiernu.cw\/nl\/wp-json\/wp\/v2\/media?parent=238400"}],"wp:term":[{"taxonomy":"nieuws_category","embeddable":true,"href":"https:\/\/gobiernu.cw\/nl\/wp-json\/wp\/v2\/nieuws_category?post=238400"},{"taxonomy":"ministry","embeddable":true,"href":"https:\/\/gobiernu.cw\/nl\/wp-json\/wp\/v2\/ministry?post=238400"}],"curies":[{"name":"wp","href":"https:\/\/api.w.org\/{rel}","templated":true}]}}