{"id":259208,"date":"2020-10-29T16:03:55","date_gmt":"2020-10-29T20:03:55","guid":{"rendered":"https:\/\/gobiernu.cw\/?post_type=nieuw&#038;p=259208"},"modified":"2020-10-29T16:04:12","modified_gmt":"2020-10-29T20:04:12","slug":"intentieverklaring","status":"publish","type":"nieuw","link":"https:\/\/gobiernu.cw\/nl\/nieuw\/intentieverklaring\/","title":{"rendered":"Intentieverklaring"},"content":{"rendered":"<p>Het Ministerie van Justitie wil zich inzetten op een korte en\u00a0 lange termijn programmatische aanpak om de jeugdcriminaliteit aan te pakken en zich stevig in te zetten op een <u>effectievere<\/u> begeleiding en opvang van jeugdige plegers van strafbare feiten. Dit geldt voor zowel risicojongeren, <em>first offenders<\/em> als recidivisten. Daarbij komt nog, dat voor een goede terugkeer (re-integratie) in de samenleving de ex-gedetineerde hulp nodig heeft bij het verkrijgen van onderdak, opleiding, werk en inkomen en nazorg. Het is in het maatschappelijk belang dat wanneer de ex-gedetineerde terugkeert in de maatschappij, deze niet zal recidiveren. Dit belang heeft niet alleen betrekking op het voorkomen van kosten voor opsporing, berechting en detentie van de justitiabele, maar draagt ook bij aan de verbetering van het veiligheidsgevoel van de burger. Daarbij heeft de ex-gedetineerde er zelf ook belang bij dat hij niet vervalt in crimineel gedrag en wederom komt vast te zitten. Echter, op Cura\u00e7ao ontbreken de randvoorwaarden om voor deze specifieke groep de nodige interventies in te zetten. Gevolg hiervan is dat een grote groep, ondanks de ingezette begeleiding en hulpmiddelen, toch recidiveert.<\/p>\n<p>De programmatische aanpak houdt in, de uitbreiding van bestaande leerwerktrajecten voor de doelgroep justitiabelen van 16 tot en met 24 jaar en het opzetten van een voorziening voor wonen onder begeleiding voor deze doelgroep.\u00a0 In dit kader is een intentieverklaring ondertekend met stichting Union di Hubentut (Funditut) en stichting New Creation. In deze intentieverklaring is de wil uitgesproken om de bestaande samenwerking verder te intensiveren waarbij de gezamenlijke doelstelling, namelijk een perspectief bieden aan de jongere, niet uit het oog wordt verloren.<\/p>\n<p>Op termijn wil het ministerie zich ook hard maken voor de intensivering van de verslavingszorg, traumabehandeling en de realisering danwel uitbreiding van een buddyprogramma voor deze groep jongeren en jongvolwassenen. Dit, in \u00a0nauwe samenwerking met de overige ministeries.<\/p>\n<p>&nbsp;<\/p>\n<p><img loading=\"lazy\" class=\"alignnone size-medium wp-image-259211\" src=\"https:\/\/gobiernu.cw\/wp-content\/uploads\/2020\/10\/WhatsApp-Image-2020-10-29-at-3.53.15-PM-300x200.jpeg\" alt=\"\" width=\"300\" height=\"200\" srcset=\"https:\/\/gobiernu.cw\/wp-content\/uploads\/2020\/10\/WhatsApp-Image-2020-10-29-at-3.53.15-PM-300x200.jpeg 300w, https:\/\/gobiernu.cw\/wp-content\/uploads\/2020\/10\/WhatsApp-Image-2020-10-29-at-3.53.15-PM-1024x682.jpeg 1024w, https:\/\/gobiernu.cw\/wp-content\/uploads\/2020\/10\/WhatsApp-Image-2020-10-29-at-3.53.15-PM-768x512.jpeg 768w, https:\/\/gobiernu.cw\/wp-content\/uploads\/2020\/10\/WhatsApp-Image-2020-10-29-at-3.53.15-PM-1536x1023.jpeg 1536w, https:\/\/gobiernu.cw\/wp-content\/uploads\/2020\/10\/WhatsApp-Image-2020-10-29-at-3.53.15-PM-219x146.jpeg 219w, https:\/\/gobiernu.cw\/wp-content\/uploads\/2020\/10\/WhatsApp-Image-2020-10-29-at-3.53.15-PM-50x33.jpeg 50w, https:\/\/gobiernu.cw\/wp-content\/uploads\/2020\/10\/WhatsApp-Image-2020-10-29-at-3.53.15-PM-113x75.jpeg 113w, https:\/\/gobiernu.cw\/wp-content\/uploads\/2020\/10\/WhatsApp-Image-2020-10-29-at-3.53.15-PM-1320x879.jpeg 1320w, https:\/\/gobiernu.cw\/wp-content\/uploads\/2020\/10\/WhatsApp-Image-2020-10-29-at-3.53.15-PM.jpeg 1600w\" sizes=\"auto, (max-width:767px) 300px, 300px\" \/> <img loading=\"lazy\" class=\"alignnone size-medium wp-image-259213\" src=\"https:\/\/gobiernu.cw\/wp-content\/uploads\/2020\/10\/WhatsApp-Image-2020-10-29-at-3.53.16-PM-300x200.jpeg\" alt=\"\" width=\"300\" height=\"200\" srcset=\"https:\/\/gobiernu.cw\/wp-content\/uploads\/2020\/10\/WhatsApp-Image-2020-10-29-at-3.53.16-PM-300x200.jpeg 300w, https:\/\/gobiernu.cw\/wp-content\/uploads\/2020\/10\/WhatsApp-Image-2020-10-29-at-3.53.16-PM-1024x682.jpeg 1024w, https:\/\/gobiernu.cw\/wp-content\/uploads\/2020\/10\/WhatsApp-Image-2020-10-29-at-3.53.16-PM-768x512.jpeg 768w, https:\/\/gobiernu.cw\/wp-content\/uploads\/2020\/10\/WhatsApp-Image-2020-10-29-at-3.53.16-PM-1536x1023.jpeg 1536w, https:\/\/gobiernu.cw\/wp-content\/uploads\/2020\/10\/WhatsApp-Image-2020-10-29-at-3.53.16-PM-219x146.jpeg 219w, https:\/\/gobiernu.cw\/wp-content\/uploads\/2020\/10\/WhatsApp-Image-2020-10-29-at-3.53.16-PM-50x33.jpeg 50w, https:\/\/gobiernu.cw\/wp-content\/uploads\/2020\/10\/WhatsApp-Image-2020-10-29-at-3.53.16-PM-113x75.jpeg 113w, https:\/\/gobiernu.cw\/wp-content\/uploads\/2020\/10\/WhatsApp-Image-2020-10-29-at-3.53.16-PM-1320x879.jpeg 1320w, https:\/\/gobiernu.cw\/wp-content\/uploads\/2020\/10\/WhatsApp-Image-2020-10-29-at-3.53.16-PM.jpeg 1600w\" sizes=\"auto, (max-width:767px) 300px, 300px\" \/> <img loading=\"lazy\" class=\"alignnone size-medium wp-image-259215\" src=\"https:\/\/gobiernu.cw\/wp-content\/uploads\/2020\/10\/WhatsApp-Image-2020-10-29-at-3.53.16-PM-1-300x200.jpeg\" alt=\"\" width=\"300\" height=\"200\" srcset=\"https:\/\/gobiernu.cw\/wp-content\/uploads\/2020\/10\/WhatsApp-Image-2020-10-29-at-3.53.16-PM-1-300x200.jpeg 300w, https:\/\/gobiernu.cw\/wp-content\/uploads\/2020\/10\/WhatsApp-Image-2020-10-29-at-3.53.16-PM-1-1024x682.jpeg 1024w, https:\/\/gobiernu.cw\/wp-content\/uploads\/2020\/10\/WhatsApp-Image-2020-10-29-at-3.53.16-PM-1-768x512.jpeg 768w, https:\/\/gobiernu.cw\/wp-content\/uploads\/2020\/10\/WhatsApp-Image-2020-10-29-at-3.53.16-PM-1-1536x1023.jpeg 1536w, https:\/\/gobiernu.cw\/wp-content\/uploads\/2020\/10\/WhatsApp-Image-2020-10-29-at-3.53.16-PM-1-219x146.jpeg 219w, https:\/\/gobiernu.cw\/wp-content\/uploads\/2020\/10\/WhatsApp-Image-2020-10-29-at-3.53.16-PM-1-50x33.jpeg 50w, https:\/\/gobiernu.cw\/wp-content\/uploads\/2020\/10\/WhatsApp-Image-2020-10-29-at-3.53.16-PM-1-113x75.jpeg 113w, https:\/\/gobiernu.cw\/wp-content\/uploads\/2020\/10\/WhatsApp-Image-2020-10-29-at-3.53.16-PM-1-1320x879.jpeg 1320w, https:\/\/gobiernu.cw\/wp-content\/uploads\/2020\/10\/WhatsApp-Image-2020-10-29-at-3.53.16-PM-1.jpeg 1600w\" sizes=\"auto, (max-width:767px) 300px, 300px\" \/> <img loading=\"lazy\" class=\"alignnone size-medium wp-image-259217\" src=\"https:\/\/gobiernu.cw\/wp-content\/uploads\/2020\/10\/WhatsApp-Image-2020-10-29-at-3.53.16-PM-2-300x200.jpeg\" alt=\"\" width=\"300\" height=\"200\" srcset=\"https:\/\/gobiernu.cw\/wp-content\/uploads\/2020\/10\/WhatsApp-Image-2020-10-29-at-3.53.16-PM-2-300x200.jpeg 300w, https:\/\/gobiernu.cw\/wp-content\/uploads\/2020\/10\/WhatsApp-Image-2020-10-29-at-3.53.16-PM-2-1024x682.jpeg 1024w, https:\/\/gobiernu.cw\/wp-content\/uploads\/2020\/10\/WhatsApp-Image-2020-10-29-at-3.53.16-PM-2-768x512.jpeg 768w, https:\/\/gobiernu.cw\/wp-content\/uploads\/2020\/10\/WhatsApp-Image-2020-10-29-at-3.53.16-PM-2-1536x1023.jpeg 1536w, https:\/\/gobiernu.cw\/wp-content\/uploads\/2020\/10\/WhatsApp-Image-2020-10-29-at-3.53.16-PM-2-219x146.jpeg 219w, https:\/\/gobiernu.cw\/wp-content\/uploads\/2020\/10\/WhatsApp-Image-2020-10-29-at-3.53.16-PM-2-50x33.jpeg 50w, https:\/\/gobiernu.cw\/wp-content\/uploads\/2020\/10\/WhatsApp-Image-2020-10-29-at-3.53.16-PM-2-113x75.jpeg 113w, https:\/\/gobiernu.cw\/wp-content\/uploads\/2020\/10\/WhatsApp-Image-2020-10-29-at-3.53.16-PM-2-1320x879.jpeg 1320w, https:\/\/gobiernu.cw\/wp-content\/uploads\/2020\/10\/WhatsApp-Image-2020-10-29-at-3.53.16-PM-2.jpeg 1600w\" sizes=\"auto, (max-width:767px) 300px, 300px\" \/> <img loading=\"lazy\" class=\"alignnone size-medium wp-image-259219\" src=\"https:\/\/gobiernu.cw\/wp-content\/uploads\/2020\/10\/WhatsApp-Image-2020-10-29-at-3.53.16-PM-3-300x200.jpeg\" alt=\"\" width=\"300\" height=\"200\" srcset=\"https:\/\/gobiernu.cw\/wp-content\/uploads\/2020\/10\/WhatsApp-Image-2020-10-29-at-3.53.16-PM-3-300x200.jpeg 300w, https:\/\/gobiernu.cw\/wp-content\/uploads\/2020\/10\/WhatsApp-Image-2020-10-29-at-3.53.16-PM-3-1024x682.jpeg 1024w, https:\/\/gobiernu.cw\/wp-content\/uploads\/2020\/10\/WhatsApp-Image-2020-10-29-at-3.53.16-PM-3-768x512.jpeg 768w, https:\/\/gobiernu.cw\/wp-content\/uploads\/2020\/10\/WhatsApp-Image-2020-10-29-at-3.53.16-PM-3-1536x1023.jpeg 1536w, https:\/\/gobiernu.cw\/wp-content\/uploads\/2020\/10\/WhatsApp-Image-2020-10-29-at-3.53.16-PM-3-219x146.jpeg 219w, https:\/\/gobiernu.cw\/wp-content\/uploads\/2020\/10\/WhatsApp-Image-2020-10-29-at-3.53.16-PM-3-50x33.jpeg 50w, https:\/\/gobiernu.cw\/wp-content\/uploads\/2020\/10\/WhatsApp-Image-2020-10-29-at-3.53.16-PM-3-113x75.jpeg 113w, https:\/\/gobiernu.cw\/wp-content\/uploads\/2020\/10\/WhatsApp-Image-2020-10-29-at-3.53.16-PM-3-1320x879.jpeg 1320w, https:\/\/gobiernu.cw\/wp-content\/uploads\/2020\/10\/WhatsApp-Image-2020-10-29-at-3.53.16-PM-3.jpeg 1600w\" sizes=\"auto, (max-width:767px) 300px, 300px\" \/> <img loading=\"lazy\" class=\"alignnone size-medium wp-image-259221\" src=\"https:\/\/gobiernu.cw\/wp-content\/uploads\/2020\/10\/WhatsApp-Image-2020-10-29-at-3.53.15-PM-1-300x200.jpeg\" alt=\"\" width=\"300\" height=\"200\" srcset=\"https:\/\/gobiernu.cw\/wp-content\/uploads\/2020\/10\/WhatsApp-Image-2020-10-29-at-3.53.15-PM-1-300x200.jpeg 300w, https:\/\/gobiernu.cw\/wp-content\/uploads\/2020\/10\/WhatsApp-Image-2020-10-29-at-3.53.15-PM-1-1024x682.jpeg 1024w, https:\/\/gobiernu.cw\/wp-content\/uploads\/2020\/10\/WhatsApp-Image-2020-10-29-at-3.53.15-PM-1-768x512.jpeg 768w, https:\/\/gobiernu.cw\/wp-content\/uploads\/2020\/10\/WhatsApp-Image-2020-10-29-at-3.53.15-PM-1-1536x1023.jpeg 1536w, https:\/\/gobiernu.cw\/wp-content\/uploads\/2020\/10\/WhatsApp-Image-2020-10-29-at-3.53.15-PM-1-219x146.jpeg 219w, https:\/\/gobiernu.cw\/wp-content\/uploads\/2020\/10\/WhatsApp-Image-2020-10-29-at-3.53.15-PM-1-50x33.jpeg 50w, https:\/\/gobiernu.cw\/wp-content\/uploads\/2020\/10\/WhatsApp-Image-2020-10-29-at-3.53.15-PM-1-113x75.jpeg 113w, https:\/\/gobiernu.cw\/wp-content\/uploads\/2020\/10\/WhatsApp-Image-2020-10-29-at-3.53.15-PM-1-1320x879.jpeg 1320w, https:\/\/gobiernu.cw\/wp-content\/uploads\/2020\/10\/WhatsApp-Image-2020-10-29-at-3.53.15-PM-1.jpeg 1600w\" sizes=\"auto, (max-width:767px) 300px, 300px\" \/><\/p>\n<p><img loading=\"lazy\" class=\"alignnone size-medium wp-image-259209\" src=\"https:\/\/gobiernu.cw\/wp-content\/uploads\/2020\/10\/WhatsApp-Image-2020-10-29-at-3.53.17-PM-300x200.jpeg\" alt=\"\" width=\"300\" height=\"200\" srcset=\"https:\/\/gobiernu.cw\/wp-content\/uploads\/2020\/10\/WhatsApp-Image-2020-10-29-at-3.53.17-PM-300x200.jpeg 300w, https:\/\/gobiernu.cw\/wp-content\/uploads\/2020\/10\/WhatsApp-Image-2020-10-29-at-3.53.17-PM-1024x682.jpeg 1024w, https:\/\/gobiernu.cw\/wp-content\/uploads\/2020\/10\/WhatsApp-Image-2020-10-29-at-3.53.17-PM-768x512.jpeg 768w, https:\/\/gobiernu.cw\/wp-content\/uploads\/2020\/10\/WhatsApp-Image-2020-10-29-at-3.53.17-PM-1536x1023.jpeg 1536w, https:\/\/gobiernu.cw\/wp-content\/uploads\/2020\/10\/WhatsApp-Image-2020-10-29-at-3.53.17-PM-219x146.jpeg 219w, https:\/\/gobiernu.cw\/wp-content\/uploads\/2020\/10\/WhatsApp-Image-2020-10-29-at-3.53.17-PM-50x33.jpeg 50w, https:\/\/gobiernu.cw\/wp-content\/uploads\/2020\/10\/WhatsApp-Image-2020-10-29-at-3.53.17-PM-113x75.jpeg 113w, https:\/\/gobiernu.cw\/wp-content\/uploads\/2020\/10\/WhatsApp-Image-2020-10-29-at-3.53.17-PM-1320x879.jpeg 1320w, https:\/\/gobiernu.cw\/wp-content\/uploads\/2020\/10\/WhatsApp-Image-2020-10-29-at-3.53.17-PM.jpeg 1600w\" sizes=\"auto, (max-width:767px) 300px, 300px\" \/><\/p>\n","protected":false},"excerpt":{"rendered":"<p>Het Ministerie van Justitie wil zich inzetten op een korte en\u00a0 lange termijn programmatische aanpak om de jeugdcriminaliteit aan te pakken en zich stevig in te<span class=\"excerpt-hellip\"> [\u2026]<\/span><\/p>\n","protected":false},"featured_media":0,"parent":0,"template":"","nieuws_category":[651],"ministry":[205],"class_list":["post-259208","nieuw","type-nieuw","status-publish","hentry","nieuws_category-komunikado-nl","ministry-justitie"],"acf":[],"yoast_head":"<!-- This site is optimized with the Yoast SEO plugin v27.4 - https:\/\/yoast.com\/product\/yoast-seo-wordpress\/ -->\n<title>Intentieverklaring - Informashon tokante Gobi\u00e8rnu di K\u00f2rsou<\/title>\n<meta name=\"robots\" content=\"noindex, follow\" \/>\n<meta name=\"twitter:card\" content=\"summary_large_image\" \/>\n<meta name=\"twitter:title\" content=\"Intentieverklaring - Informashon tokante Gobi\u00e8rnu di K\u00f2rsou\" \/>\n<meta name=\"twitter:description\" content=\"Het Ministerie van Justitie wil zich inzetten op een korte en\u00a0 lange termijn programmatische aanpak om de jeugdcriminaliteit aan te pakken en zich stevig in te [\u2026]\" \/>\n<meta name=\"twitter:image\" content=\"https:\/\/gobiernu.cw\/wp-content\/uploads\/2020\/10\/WhatsApp-Image-2020-10-29-at-3.53.15-PM-300x200.jpeg\" \/>\n<meta name=\"twitter:label1\" content=\"Geschatte leestijd\" \/>\n\t<meta name=\"twitter:data1\" content=\"2 minuten\" \/>\n<script type=\"application\/ld+json\" class=\"yoast-schema-graph\">{\"@context\":\"https:\\\/\\\/schema.org\",\"@graph\":[{\"@type\":\"WebPage\",\"@id\":\"https:\\\/\\\/gobiernu.cw\\\/nl\\\/nieuw\\\/intentieverklaring\\\/\",\"url\":\"https:\\\/\\\/gobiernu.cw\\\/nl\\\/nieuw\\\/intentieverklaring\\\/\",\"name\":\"Intentieverklaring - Informashon tokante Gobi\u00e8rnu di K\u00f2rsou\",\"isPartOf\":{\"@id\":\"https:\\\/\\\/gobiernu.cw\\\/#website\"},\"primaryImageOfPage\":{\"@id\":\"https:\\\/\\\/gobiernu.cw\\\/nl\\\/nieuw\\\/intentieverklaring\\\/#primaryimage\"},\"image\":{\"@id\":\"https:\\\/\\\/gobiernu.cw\\\/nl\\\/nieuw\\\/intentieverklaring\\\/#primaryimage\"},\"thumbnailUrl\":\"https:\\\/\\\/gobiernu.cw\\\/wp-content\\\/uploads\\\/2020\\\/10\\\/WhatsApp-Image-2020-10-29-at-3.53.15-PM-300x200.jpeg\",\"datePublished\":\"2020-10-29T20:03:55+00:00\",\"dateModified\":\"2020-10-29T20:04:12+00:00\",\"breadcrumb\":{\"@id\":\"https:\\\/\\\/gobiernu.cw\\\/nl\\\/nieuw\\\/intentieverklaring\\\/#breadcrumb\"},\"inLanguage\":\"nl-NL\",\"potentialAction\":[{\"@type\":\"ReadAction\",\"target\":[\"https:\\\/\\\/gobiernu.cw\\\/nl\\\/nieuw\\\/intentieverklaring\\\/\"]}]},{\"@type\":\"ImageObject\",\"inLanguage\":\"nl-NL\",\"@id\":\"https:\\\/\\\/gobiernu.cw\\\/nl\\\/nieuw\\\/intentieverklaring\\\/#primaryimage\",\"url\":\"https:\\\/\\\/gobiernu.cw\\\/wp-content\\\/uploads\\\/2020\\\/10\\\/WhatsApp-Image-2020-10-29-at-3.53.15-PM-300x200.jpeg\",\"contentUrl\":\"https:\\\/\\\/gobiernu.cw\\\/wp-content\\\/uploads\\\/2020\\\/10\\\/WhatsApp-Image-2020-10-29-at-3.53.15-PM-300x200.jpeg\"},{\"@type\":\"BreadcrumbList\",\"@id\":\"https:\\\/\\\/gobiernu.cw\\\/nl\\\/nieuw\\\/intentieverklaring\\\/#breadcrumb\",\"itemListElement\":[{\"@type\":\"ListItem\",\"position\":1,\"name\":\"Home\",\"item\":\"https:\\\/\\\/gobiernu.cw\\\/nl\\\/\"},{\"@type\":\"ListItem\",\"position\":2,\"name\":\"Nieuws\",\"item\":\"https:\\\/\\\/gobiernu.cw\\\/nl\\\/nieuws\\\/\"},{\"@type\":\"ListItem\",\"position\":3,\"name\":\"Intentieverklaring\"}]},{\"@type\":\"WebSite\",\"@id\":\"https:\\\/\\\/gobiernu.cw\\\/#website\",\"url\":\"https:\\\/\\\/gobiernu.cw\\\/\",\"name\":\"Informashon tokante Gobi\u00e8rnu di K\u00f2rsou\",\"description\":\"Gobi\u00e8rnu di K\u00f2rsou\",\"publisher\":{\"@id\":\"https:\\\/\\\/gobiernu.cw\\\/#organization\"},\"potentialAction\":[{\"@type\":\"SearchAction\",\"target\":{\"@type\":\"EntryPoint\",\"urlTemplate\":\"https:\\\/\\\/gobiernu.cw\\\/?s={search_term_string}\"},\"query-input\":{\"@type\":\"PropertyValueSpecification\",\"valueRequired\":true,\"valueName\":\"search_term_string\"}}],\"inLanguage\":\"nl-NL\"},{\"@type\":\"Organization\",\"@id\":\"https:\\\/\\\/gobiernu.cw\\\/#organization\",\"name\":\"Gobi\u00e8rnu di K\u00f2rsou\",\"url\":\"https:\\\/\\\/gobiernu.cw\\\/\",\"logo\":{\"@type\":\"ImageObject\",\"inLanguage\":\"nl-NL\",\"@id\":\"https:\\\/\\\/gobiernu.cw\\\/#\\\/schema\\\/logo\\\/image\\\/\",\"url\":\"https:\\\/\\\/gobiernu.cw\\\/wp-content\\\/uploads\\\/2019\\\/01\\\/Logo_regering_3.png\",\"contentUrl\":\"https:\\\/\\\/gobiernu.cw\\\/wp-content\\\/uploads\\\/2019\\\/01\\\/Logo_regering_3.png\",\"width\":129,\"height\":115,\"caption\":\"Gobi\u00e8rnu di K\u00f2rsou\"},\"image\":{\"@id\":\"https:\\\/\\\/gobiernu.cw\\\/#\\\/schema\\\/logo\\\/image\\\/\"}}]}<\/script>\n<!-- \/ Yoast SEO plugin. -->","yoast_head_json":{"title":"Intentieverklaring - Informashon tokante Gobi\u00e8rnu di K\u00f2rsou","robots":{"index":"noindex","follow":"follow"},"twitter_card":"summary_large_image","twitter_title":"Intentieverklaring - Informashon tokante Gobi\u00e8rnu di K\u00f2rsou","twitter_description":"Het Ministerie van Justitie wil zich inzetten op een korte en\u00a0 lange termijn programmatische aanpak om de jeugdcriminaliteit aan te pakken en zich stevig in te [\u2026]","twitter_image":"https:\/\/gobiernu.cw\/wp-content\/uploads\/2020\/10\/WhatsApp-Image-2020-10-29-at-3.53.15-PM-300x200.jpeg","twitter_misc":{"Geschatte leestijd":"2 minuten"},"schema":{"@context":"https:\/\/schema.org","@graph":[{"@type":"WebPage","@id":"https:\/\/gobiernu.cw\/nl\/nieuw\/intentieverklaring\/","url":"https:\/\/gobiernu.cw\/nl\/nieuw\/intentieverklaring\/","name":"Intentieverklaring - Informashon tokante Gobi\u00e8rnu di K\u00f2rsou","isPartOf":{"@id":"https:\/\/gobiernu.cw\/#website"},"primaryImageOfPage":{"@id":"https:\/\/gobiernu.cw\/nl\/nieuw\/intentieverklaring\/#primaryimage"},"image":{"@id":"https:\/\/gobiernu.cw\/nl\/nieuw\/intentieverklaring\/#primaryimage"},"thumbnailUrl":"https:\/\/gobiernu.cw\/wp-content\/uploads\/2020\/10\/WhatsApp-Image-2020-10-29-at-3.53.15-PM-300x200.jpeg","datePublished":"2020-10-29T20:03:55+00:00","dateModified":"2020-10-29T20:04:12+00:00","breadcrumb":{"@id":"https:\/\/gobiernu.cw\/nl\/nieuw\/intentieverklaring\/#breadcrumb"},"inLanguage":"nl-NL","potentialAction":[{"@type":"ReadAction","target":["https:\/\/gobiernu.cw\/nl\/nieuw\/intentieverklaring\/"]}]},{"@type":"ImageObject","inLanguage":"nl-NL","@id":"https:\/\/gobiernu.cw\/nl\/nieuw\/intentieverklaring\/#primaryimage","url":"https:\/\/gobiernu.cw\/wp-content\/uploads\/2020\/10\/WhatsApp-Image-2020-10-29-at-3.53.15-PM-300x200.jpeg","contentUrl":"https:\/\/gobiernu.cw\/wp-content\/uploads\/2020\/10\/WhatsApp-Image-2020-10-29-at-3.53.15-PM-300x200.jpeg"},{"@type":"BreadcrumbList","@id":"https:\/\/gobiernu.cw\/nl\/nieuw\/intentieverklaring\/#breadcrumb","itemListElement":[{"@type":"ListItem","position":1,"name":"Home","item":"https:\/\/gobiernu.cw\/nl\/"},{"@type":"ListItem","position":2,"name":"Nieuws","item":"https:\/\/gobiernu.cw\/nl\/nieuws\/"},{"@type":"ListItem","position":3,"name":"Intentieverklaring"}]},{"@type":"WebSite","@id":"https:\/\/gobiernu.cw\/#website","url":"https:\/\/gobiernu.cw\/","name":"Informashon tokante Gobi\u00e8rnu di K\u00f2rsou","description":"Gobi\u00e8rnu di K\u00f2rsou","publisher":{"@id":"https:\/\/gobiernu.cw\/#organization"},"potentialAction":[{"@type":"SearchAction","target":{"@type":"EntryPoint","urlTemplate":"https:\/\/gobiernu.cw\/?s={search_term_string}"},"query-input":{"@type":"PropertyValueSpecification","valueRequired":true,"valueName":"search_term_string"}}],"inLanguage":"nl-NL"},{"@type":"Organization","@id":"https:\/\/gobiernu.cw\/#organization","name":"Gobi\u00e8rnu di K\u00f2rsou","url":"https:\/\/gobiernu.cw\/","logo":{"@type":"ImageObject","inLanguage":"nl-NL","@id":"https:\/\/gobiernu.cw\/#\/schema\/logo\/image\/","url":"https:\/\/gobiernu.cw\/wp-content\/uploads\/2019\/01\/Logo_regering_3.png","contentUrl":"https:\/\/gobiernu.cw\/wp-content\/uploads\/2019\/01\/Logo_regering_3.png","width":129,"height":115,"caption":"Gobi\u00e8rnu di K\u00f2rsou"},"image":{"@id":"https:\/\/gobiernu.cw\/#\/schema\/logo\/image\/"}}]}},"jetpack_sharing_enabled":true,"_links":{"self":[{"href":"https:\/\/gobiernu.cw\/nl\/wp-json\/wp\/v2\/nieuw\/259208","targetHints":{"allow":["GET"]}}],"collection":[{"href":"https:\/\/gobiernu.cw\/nl\/wp-json\/wp\/v2\/nieuw"}],"about":[{"href":"https:\/\/gobiernu.cw\/nl\/wp-json\/wp\/v2\/types\/nieuw"}],"wp:attachment":[{"href":"https:\/\/gobiernu.cw\/nl\/wp-json\/wp\/v2\/media?parent=259208"}],"wp:term":[{"taxonomy":"nieuws_category","embeddable":true,"href":"https:\/\/gobiernu.cw\/nl\/wp-json\/wp\/v2\/nieuws_category?post=259208"},{"taxonomy":"ministry","embeddable":true,"href":"https:\/\/gobiernu.cw\/nl\/wp-json\/wp\/v2\/ministry?post=259208"}],"curies":[{"name":"wp","href":"https:\/\/api.w.org\/{rel}","templated":true}]}}