{"id":35801,"date":"2017-12-29T17:07:00","date_gmt":"2017-12-29T21:07:00","guid":{"rendered":"https:\/\/gobiernu.cw\/nieuw\/aankondiging\/"},"modified":"2017-12-29T17:07:00","modified_gmt":"2017-12-29T21:07:00","slug":"aankondiging","status":"publish","type":"nieuw","link":"https:\/\/gobiernu.cw\/nl\/nieuw\/aankondiging\/","title":{"rendered":"AANKONDIGING"},"content":{"rendered":"<p><strong>De Minister van Sociale Ontwikkeling, Arbeid en Welzijn maakt het volgende bekend.<\/strong><br \/>Het minimum uurloon op Cura&ccedil;ao wordt per 1 januari 2018 verhoogd conform twee componenten die te zien zijn in de volgende tabel:<\/p>\n<table style=\"height: 96px;\" width=\"707\" cellspacing=\"0\" cellpadding=\"7\">\n<colgroup>\n<col width=\"496\">\n<col width=\"87\"> <\/colgroup>\n<tbody>\n<tr valign=\"top\">\n<td bgcolor=\"#ffffff\" width=\"496\">\n<p><span><span lang=\"nl-NL\">Een verhoging krachtens artikel 13, eerste lid van de Landsverordening Minimumlonen<\/span><\/span><\/p>\n<\/td>\n<td bgcolor=\"#ffffff\" width=\"87\">\n<p><strong> <span>NAf. 0,11<\/span> <\/strong><\/p>\n<\/td>\n<\/tr>\n<tr valign=\"top\">\n<td bgcolor=\"#ffffff\" width=\"496\">\n<p><span><span lang=\"nl-NL\">Een verhoging krachtens artikel 09, zevende lid van de Landsverordening Minimumlone<\/span><\/span><\/p>\n<\/td>\n<td bgcolor=\"#ffffff\" width=\"87\">\n<p><strong> <span>NAf. 0,065<\/span> <\/strong><\/p>\n<\/td>\n<\/tr>\n<\/tbody>\n<\/table>\n<p><strong>Het minimum uurloon wordt dan per 1 januari 2018: Naf. 9,175<\/strong><br \/>Dit betekent dat werknemers van 21 jaar of ouder minimaal de onderstaande bedragen moeten ontvangen aan loon. Het minimumloon geldt voor alle werknemers, dus ook voor huishoudelijk personeel.<\/p>\n<p><strong>Bruto minimumloon bedragen voor werknemers van 21 jaar of ouder<\/strong><\/p>\n<table style=\"height: 238px;\" width=\"698\" cellspacing=\"0\" cellpadding=\"7\">\n<colgroup>\n<col width=\"190\">\n<col width=\"191\">\n<col width=\"190\"> <\/colgroup>\n<tbody>\n<tr valign=\"top\">\n<td bgcolor=\"#ffffff\" width=\"190\">\n<p align=\"center\"><span>Minimum-uurloon per 1 January 2018<\/span><\/p>\n<\/td>\n<td bgcolor=\"#ffffff\" width=\"191\">\n<p align=\"center\"><span>Bedrag per week<\/span><\/p>\n<\/td>\n<td bgcolor=\"#ffffff\" width=\"190\">\n<p align=\"center\"><span>Bedrag per maand<\/span><\/p>\n<\/td>\n<\/tr>\n<tr valign=\"top\">\n<td bgcolor=\"#ffffff\" width=\"190\">\n<p align=\"center\"><strong><span>NAf. 9,175<\/span><\/strong><\/p>\n<\/td>\n<td bgcolor=\"#ffffff\" width=\"191\">\n<p align=\"center\"><span>bij 40-urige werkweek<\/span><\/p>\n<p align=\"center\"><strong>NAf. 367,&#8211;<\/strong><\/p>\n<\/td>\n<td bgcolor=\"#ffffff\" width=\"190\">\n<p align=\"center\"><span>bij 40-urige werkweek<\/span><\/p>\n<p align=\"center\"><strong><span>NAf. 1.589,11<\/span><\/strong><\/p>\n<\/td>\n<\/tr>\n<tr valign=\"top\">\n<td bgcolor=\"#ffffff\" width=\"190\">\n<p align=\"center\">&nbsp;<\/p>\n<\/td>\n<td bgcolor=\"#ffffff\" width=\"191\">\n<p align=\"center\"><span>bij 45-urige werkweek<\/span><\/p>\n<p align=\"center\"><strong><span>NAf. 412,88<\/span><\/strong><\/p>\n<\/td>\n<td bgcolor=\"#ffffff\" width=\"190\">\n<p align=\"center\"><span>bij 45-urige werkweek<\/span><\/p>\n<p align=\"center\"><strong><span>NAf. 1.787,75<\/span><\/strong><\/p>\n<\/td>\n<\/tr>\n<tr valign=\"top\">\n<td bgcolor=\"#ffffff\" width=\"190\">\n<p align=\"center\">&nbsp;<\/p>\n<p align=\"center\">&nbsp;<\/p>\n<\/td>\n<td bgcolor=\"#ffffff\" width=\"191\">\n<p align=\"center\"><span>bij 48-urige werkweek<\/span><\/p>\n<p align=\"center\"><strong>NAf. 440,40<\/strong><\/p>\n<\/td>\n<td bgcolor=\"#ffffff\" width=\"190\">\n<p align=\"center\"><span>bij 48-urige werkweek<\/span><\/p>\n<p align=\"center\"><strong><span>Naf. 1.906,93<\/span><\/strong><\/p>\n<\/td>\n<\/tr>\n<\/tbody>\n<\/table>\n<p><strong>Huishoudelijk personeel<br \/><\/strong>Voor inwonend huishoudelijk personeel mag van het minimum-maandloon kost en inwoning worden afgetrokken tot maximaal <strong>NAf. 300,&#8211; per maand.<\/strong><br \/>Voor uitwonend personeel mogen maximaal de hieronder vermelde bedragen aan verstrekte maaltijden op het loon in mindering worden gebracht.<\/p>\n<table style=\"height: 56px;\" width=\"693\" cellspacing=\"0\" cellpadding=\"7\">\n<colgroup>\n<col width=\"294\">\n<col width=\"292\"> <\/colgroup>\n<tbody>\n<tr valign=\"top\">\n<td id=\"\" style=\"text-align: center; width: 292px; background-color: #ffffff;\" lang=\"\" dir=\"\" scope=\"col\" align=\"\" valign=\"\">\n<p><span lang=\"nl-NL\">Ontbijt of broodmaaltijd<\/span><\/p>\n<\/td>\n<td id=\"\" style=\"text-align: center; width: 292px; background-color: #ffffff;\" lang=\"\" dir=\"\" scope=\"col\" align=\"\" valign=\"\">\n<p><strong><span lang=\"nl-NL\">NAf. 1,50 per maaltijd<\/span><\/strong><\/p>\n<\/td>\n<\/tr>\n<tr valign=\"top\">\n<td id=\"\" style=\"text-align: center; width: 292px; background-color: #ffffff;\" lang=\"\" dir=\"\" scope=\"col\" align=\"\" valign=\"\">\n<p><span lang=\"nl-NL\">Warme maaltijd<\/span><\/p>\n<\/td>\n<td id=\"\" style=\"text-align: center; width: 292px; background-color: #ffffff;\" lang=\"\" dir=\"\" scope=\"col\" align=\"\" valign=\"\">\n<p><strong><span lang=\"nl-NL\">NAf. 5,00 per maaltijd<\/span><\/strong><\/p>\n<\/td>\n<\/tr>\n<\/tbody>\n<\/table>\n<p><strong>Minimum jeugdloon<\/strong><br \/>Werknemers die de leeftijd van 16 jaar doch niet de leeftijd van 21 jaar hebben bereikt, hebben aanspraak op een minimumloon, conform de volgende tabel.<\/p>\n<p><strong>Bruto minimum-uurloon voor werknemers die niet de leeftijd van 21 jaar hebben bereikt<\/strong><\/p>\n<table style=\"height: 122px;\" width=\"693\" cellspacing=\"0\" cellpadding=\"7\">\n<colgroup>\n<col width=\"293\">\n<col width=\"293\"> <\/colgroup>\n<tbody>\n<tr valign=\"top\">\n<td id=\"\" style=\"text-align: center;\" lang=\"\" dir=\"\" scope=\"rowgroup\" align=\"\" valign=\"\">\n<p><span lang=\"nl-NL\">20 jaar (90%)<\/span><\/p>\n<\/td>\n<td id=\"\" style=\"text-align: center;\" lang=\"\" dir=\"\" scope=\"rowgroup\" align=\"\" valign=\"\">\n<p><strong><a name=\"_GoBack\"><\/a><span lang=\"nl-NL\">NAf. 8,26 p\/u<\/span><\/strong><\/p>\n<\/td>\n<\/tr>\n<tr valign=\"top\">\n<td id=\"\" style=\"text-align: center;\" lang=\"\" dir=\"\" scope=\"rowgroup\" align=\"\" valign=\"\">\n<p><span lang=\"nl-NL\">19 jaar (85%)<\/span><\/p>\n<\/td>\n<td id=\"\" style=\"text-align: center;\" lang=\"\" dir=\"\" scope=\"rowgroup\" align=\"\" valign=\"\">\n<p><strong><span lang=\"nl-NL\">NAf. 7,80 p\/u<\/span><\/strong><\/p>\n<\/td>\n<\/tr>\n<tr valign=\"top\">\n<td id=\"\" style=\"text-align: center;\" lang=\"\" dir=\"\" scope=\"rowgroup\" align=\"\" valign=\"\">\n<p><span lang=\"nl-NL\">18 jaar (75%)<\/span><\/p>\n<\/td>\n<td id=\"\" style=\"text-align: center;\" lang=\"\" dir=\"\" scope=\"rowgroup\" align=\"\" valign=\"\">\n<p><strong><span lang=\"nl-NL\">NAf. 6,88 p\/u<\/span><\/strong><\/p>\n<\/td>\n<\/tr>\n<tr valign=\"top\">\n<td id=\"\" style=\"text-align: center;\" lang=\"\" dir=\"\" scope=\"rowgroup\" align=\"\" valign=\"\">\n<p><span lang=\"nl-NL\">17\/16 jaar (65%)<\/span><\/p>\n<\/td>\n<td id=\"\" style=\"text-align: center;\" lang=\"\" dir=\"\" scope=\"rowgroup\" align=\"\" valign=\"\">\n<p><strong><span lang=\"nl-NL\">NAf. 5,96 p\/u<\/span><\/strong><\/p>\n<\/td>\n<\/tr>\n<\/tbody>\n<\/table>\n<p>&nbsp;<\/p>\n","protected":false},"excerpt":{"rendered":"<p>De Minister van Sociale Ontwikkeling, Arbeid en Welzijn maakt het volgende bekend.Het minimum uurloon op Cura&ccedil;ao wordt per 1 januari 2018 verhoogd conform twee componenten die<span class=\"excerpt-hellip\"> [\u2026]<\/span><\/p>\n","protected":false},"featured_media":0,"parent":0,"template":"","nieuws_category":[628],"ministry":[213],"class_list":["post-35801","nieuw","type-nieuw","status-publish","hentry","nieuws_category-regering","ministry-sociale-ontwikkeling-arbeid-welzijn"],"acf":[],"yoast_head":"<!-- This site is optimized with the Yoast SEO plugin v27.4 - https:\/\/yoast.com\/product\/yoast-seo-wordpress\/ -->\n<title>AANKONDIGING - Informashon tokante Gobi\u00e8rnu di K\u00f2rsou<\/title>\n<meta name=\"robots\" content=\"noindex, follow\" \/>\n<meta name=\"twitter:card\" content=\"summary_large_image\" \/>\n<meta name=\"twitter:title\" content=\"AANKONDIGING - Informashon tokante Gobi\u00e8rnu di K\u00f2rsou\" \/>\n<meta name=\"twitter:description\" content=\"De Minister van Sociale Ontwikkeling, Arbeid en Welzijn maakt het volgende bekend.Het minimum uurloon op Cura&ccedil;ao wordt per 1 januari 2018 verhoogd conform twee componenten die [\u2026]\" \/>\n<meta name=\"twitter:label1\" content=\"Geschatte leestijd\" \/>\n\t<meta name=\"twitter:data1\" content=\"1 minuut\" \/>\n<script type=\"application\/ld+json\" class=\"yoast-schema-graph\">{\"@context\":\"https:\\\/\\\/schema.org\",\"@graph\":[{\"@type\":\"WebPage\",\"@id\":\"https:\\\/\\\/gobiernu.cw\\\/nl\\\/nieuw\\\/aankondiging\\\/\",\"url\":\"https:\\\/\\\/gobiernu.cw\\\/nl\\\/nieuw\\\/aankondiging\\\/\",\"name\":\"AANKONDIGING - Informashon tokante Gobi\u00e8rnu di K\u00f2rsou\",\"isPartOf\":{\"@id\":\"https:\\\/\\\/gobiernu.cw\\\/#website\"},\"datePublished\":\"2017-12-29T21:07:00+00:00\",\"breadcrumb\":{\"@id\":\"https:\\\/\\\/gobiernu.cw\\\/nl\\\/nieuw\\\/aankondiging\\\/#breadcrumb\"},\"inLanguage\":\"nl-NL\",\"potentialAction\":[{\"@type\":\"ReadAction\",\"target\":[\"https:\\\/\\\/gobiernu.cw\\\/nl\\\/nieuw\\\/aankondiging\\\/\"]}]},{\"@type\":\"BreadcrumbList\",\"@id\":\"https:\\\/\\\/gobiernu.cw\\\/nl\\\/nieuw\\\/aankondiging\\\/#breadcrumb\",\"itemListElement\":[{\"@type\":\"ListItem\",\"position\":1,\"name\":\"Home\",\"item\":\"https:\\\/\\\/gobiernu.cw\\\/nl\\\/\"},{\"@type\":\"ListItem\",\"position\":2,\"name\":\"Nieuws\",\"item\":\"https:\\\/\\\/gobiernu.cw\\\/nl\\\/nieuws\\\/\"},{\"@type\":\"ListItem\",\"position\":3,\"name\":\"AANKONDIGING\"}]},{\"@type\":\"WebSite\",\"@id\":\"https:\\\/\\\/gobiernu.cw\\\/#website\",\"url\":\"https:\\\/\\\/gobiernu.cw\\\/\",\"name\":\"Informashon tokante Gobi\u00e8rnu di K\u00f2rsou\",\"description\":\"Gobi\u00e8rnu di K\u00f2rsou\",\"publisher\":{\"@id\":\"https:\\\/\\\/gobiernu.cw\\\/#organization\"},\"potentialAction\":[{\"@type\":\"SearchAction\",\"target\":{\"@type\":\"EntryPoint\",\"urlTemplate\":\"https:\\\/\\\/gobiernu.cw\\\/?s={search_term_string}\"},\"query-input\":{\"@type\":\"PropertyValueSpecification\",\"valueRequired\":true,\"valueName\":\"search_term_string\"}}],\"inLanguage\":\"nl-NL\"},{\"@type\":\"Organization\",\"@id\":\"https:\\\/\\\/gobiernu.cw\\\/#organization\",\"name\":\"Gobi\u00e8rnu di K\u00f2rsou\",\"url\":\"https:\\\/\\\/gobiernu.cw\\\/\",\"logo\":{\"@type\":\"ImageObject\",\"inLanguage\":\"nl-NL\",\"@id\":\"https:\\\/\\\/gobiernu.cw\\\/#\\\/schema\\\/logo\\\/image\\\/\",\"url\":\"https:\\\/\\\/gobiernu.cw\\\/wp-content\\\/uploads\\\/2019\\\/01\\\/Logo_regering_3.png\",\"contentUrl\":\"https:\\\/\\\/gobiernu.cw\\\/wp-content\\\/uploads\\\/2019\\\/01\\\/Logo_regering_3.png\",\"width\":129,\"height\":115,\"caption\":\"Gobi\u00e8rnu di K\u00f2rsou\"},\"image\":{\"@id\":\"https:\\\/\\\/gobiernu.cw\\\/#\\\/schema\\\/logo\\\/image\\\/\"}}]}<\/script>\n<!-- \/ Yoast SEO plugin. -->","yoast_head_json":{"title":"AANKONDIGING - Informashon tokante Gobi\u00e8rnu di K\u00f2rsou","robots":{"index":"noindex","follow":"follow"},"twitter_card":"summary_large_image","twitter_title":"AANKONDIGING - Informashon tokante Gobi\u00e8rnu di K\u00f2rsou","twitter_description":"De Minister van Sociale Ontwikkeling, Arbeid en Welzijn maakt het volgende bekend.Het minimum uurloon op Cura&ccedil;ao wordt per 1 januari 2018 verhoogd conform twee componenten die [\u2026]","twitter_misc":{"Geschatte leestijd":"1 minuut"},"schema":{"@context":"https:\/\/schema.org","@graph":[{"@type":"WebPage","@id":"https:\/\/gobiernu.cw\/nl\/nieuw\/aankondiging\/","url":"https:\/\/gobiernu.cw\/nl\/nieuw\/aankondiging\/","name":"AANKONDIGING - Informashon tokante Gobi\u00e8rnu di K\u00f2rsou","isPartOf":{"@id":"https:\/\/gobiernu.cw\/#website"},"datePublished":"2017-12-29T21:07:00+00:00","breadcrumb":{"@id":"https:\/\/gobiernu.cw\/nl\/nieuw\/aankondiging\/#breadcrumb"},"inLanguage":"nl-NL","potentialAction":[{"@type":"ReadAction","target":["https:\/\/gobiernu.cw\/nl\/nieuw\/aankondiging\/"]}]},{"@type":"BreadcrumbList","@id":"https:\/\/gobiernu.cw\/nl\/nieuw\/aankondiging\/#breadcrumb","itemListElement":[{"@type":"ListItem","position":1,"name":"Home","item":"https:\/\/gobiernu.cw\/nl\/"},{"@type":"ListItem","position":2,"name":"Nieuws","item":"https:\/\/gobiernu.cw\/nl\/nieuws\/"},{"@type":"ListItem","position":3,"name":"AANKONDIGING"}]},{"@type":"WebSite","@id":"https:\/\/gobiernu.cw\/#website","url":"https:\/\/gobiernu.cw\/","name":"Informashon tokante Gobi\u00e8rnu di K\u00f2rsou","description":"Gobi\u00e8rnu di K\u00f2rsou","publisher":{"@id":"https:\/\/gobiernu.cw\/#organization"},"potentialAction":[{"@type":"SearchAction","target":{"@type":"EntryPoint","urlTemplate":"https:\/\/gobiernu.cw\/?s={search_term_string}"},"query-input":{"@type":"PropertyValueSpecification","valueRequired":true,"valueName":"search_term_string"}}],"inLanguage":"nl-NL"},{"@type":"Organization","@id":"https:\/\/gobiernu.cw\/#organization","name":"Gobi\u00e8rnu di K\u00f2rsou","url":"https:\/\/gobiernu.cw\/","logo":{"@type":"ImageObject","inLanguage":"nl-NL","@id":"https:\/\/gobiernu.cw\/#\/schema\/logo\/image\/","url":"https:\/\/gobiernu.cw\/wp-content\/uploads\/2019\/01\/Logo_regering_3.png","contentUrl":"https:\/\/gobiernu.cw\/wp-content\/uploads\/2019\/01\/Logo_regering_3.png","width":129,"height":115,"caption":"Gobi\u00e8rnu di K\u00f2rsou"},"image":{"@id":"https:\/\/gobiernu.cw\/#\/schema\/logo\/image\/"}}]}},"jetpack_sharing_enabled":true,"_links":{"self":[{"href":"https:\/\/gobiernu.cw\/nl\/wp-json\/wp\/v2\/nieuw\/35801","targetHints":{"allow":["GET"]}}],"collection":[{"href":"https:\/\/gobiernu.cw\/nl\/wp-json\/wp\/v2\/nieuw"}],"about":[{"href":"https:\/\/gobiernu.cw\/nl\/wp-json\/wp\/v2\/types\/nieuw"}],"wp:attachment":[{"href":"https:\/\/gobiernu.cw\/nl\/wp-json\/wp\/v2\/media?parent=35801"}],"wp:term":[{"taxonomy":"nieuws_category","embeddable":true,"href":"https:\/\/gobiernu.cw\/nl\/wp-json\/wp\/v2\/nieuws_category?post=35801"},{"taxonomy":"ministry","embeddable":true,"href":"https:\/\/gobiernu.cw\/nl\/wp-json\/wp\/v2\/ministry?post=35801"}],"curies":[{"name":"wp","href":"https:\/\/api.w.org\/{rel}","templated":true}]}}