{"id":382231,"date":"2021-07-19T16:58:31","date_gmt":"2021-07-19T20:58:31","guid":{"rendered":"https:\/\/gobiernu.cw\/?post_type=nieuw&#038;p=382231"},"modified":"2021-07-19T16:58:31","modified_gmt":"2021-07-19T20:58:31","slug":"afscheidsbezoek-consul-generaal-vs","status":"publish","type":"nieuw","link":"https:\/\/gobiernu.cw\/nl\/nieuw\/afscheidsbezoek-consul-generaal-vs\/","title":{"rendered":"Afscheidsbezoek consul-generaal VS"},"content":{"rendered":"<p><strong>WILLEMSTAD<\/strong> \u2013\u00a0Op maandag 19 juli heeft de Consul-generaal van de Verenigde Staten van Amerika, dhr. Allen S. Greenberg een afscheidsbezoek gebracht aan de Gouverneur van Cura\u00e7ao, Hare Excellentie Lucille George-Wout.<\/p>\n<div id=\"attachment_382232\" style=\"width: 574px\" class=\"wp-caption alignnone\"><img aria-describedby=\"caption-attachment-382232\" loading=\"lazy\" class=\"wp-image-382232 size-full\" src=\"https:\/\/gobiernu.cw\/wp-content\/uploads\/2021\/07\/210719-persbericht-afscheid-Consul-Generaal-VS.jpg\" alt=\"\" width=\"564\" height=\"640\" srcset=\"https:\/\/gobiernu.cw\/wp-content\/uploads\/2021\/07\/210719-persbericht-afscheid-Consul-Generaal-VS.jpg 564w, https:\/\/gobiernu.cw\/wp-content\/uploads\/2021\/07\/210719-persbericht-afscheid-Consul-Generaal-VS-264x300.jpg 264w, https:\/\/gobiernu.cw\/wp-content\/uploads\/2021\/07\/210719-persbericht-afscheid-Consul-Generaal-VS-129x146.jpg 129w, https:\/\/gobiernu.cw\/wp-content\/uploads\/2021\/07\/210719-persbericht-afscheid-Consul-Generaal-VS-44x50.jpg 44w, https:\/\/gobiernu.cw\/wp-content\/uploads\/2021\/07\/210719-persbericht-afscheid-Consul-Generaal-VS-66x75.jpg 66w\" sizes=\"auto, (max-width:767px) 480px, 564px\" \/><p id=\"caption-attachment-382232\" class=\"wp-caption-text\">De Gouverneur van Cura\u00e7ao, Hare Excellentie Lucille George-Wout en de\u00a0Consul-generaal van de Verenigde Staten van Amerika, de heer Allen Greenberg\u00a0<\/p><\/div>\n<p>&nbsp;<\/p>\n<p><em>\u00a0 \u00a0 \u00a0 \u00a0 \u00a0 \u00a0 \u00a0 \u00a0 \u00a0 \u00a0 \u00a0 \u00a0 \u00a0 \u00a0 \u00a0 \u00a0 \u00a0 \u00a0 \u00a0 \u00a0 \u00a0 \u00a0 \u00a0 \u00a0 \u00a0 \u00a0 \u00a0 \u00a0 \u00a0 \u00a0 \u00a0 \u00a0 \u00a0 \u00a0 \u00a0 \u00a0 \u00a0 \u00a0 \u00a0 \u00a0<\/em><\/p>\n","protected":false},"excerpt":{"rendered":"<p>WILLEMSTAD \u2013\u00a0Op maandag 19 juli heeft de Consul-generaal van de Verenigde Staten van Amerika, dhr. Allen S. Greenberg een afscheidsbezoek gebracht aan de Gouverneur van Cura\u00e7ao,<span class=\"excerpt-hellip\"> [\u2026]<\/span><\/p>\n","protected":false},"featured_media":0,"parent":0,"template":"","nieuws_category":[133,622],"ministry":[207],"class_list":["post-382231","nieuw","type-nieuw","status-publish","hentry","nieuws_category-persberichten-nl","nieuws_category-gouverneur-van-curacao","ministry-algemene-zaken-en-minister-president"],"acf":[],"yoast_head":"<!-- This site is optimized with the Yoast SEO plugin v27.5 - https:\/\/yoast.com\/product\/yoast-seo-wordpress\/ -->\n<title>Afscheidsbezoek consul-generaal VS - Informashon tokante Gobi\u00e8rnu di K\u00f2rsou<\/title>\n<meta name=\"robots\" content=\"noindex, follow\" \/>\n<meta name=\"twitter:card\" content=\"summary_large_image\" \/>\n<meta name=\"twitter:title\" content=\"Afscheidsbezoek consul-generaal VS - Informashon tokante Gobi\u00e8rnu di K\u00f2rsou\" \/>\n<meta name=\"twitter:description\" content=\"WILLEMSTAD \u2013\u00a0Op maandag 19 juli heeft de Consul-generaal van de Verenigde Staten van Amerika, dhr. Allen S. Greenberg een afscheidsbezoek gebracht aan de Gouverneur van Cura\u00e7ao, [\u2026]\" \/>\n<meta name=\"twitter:image\" content=\"https:\/\/gobiernu.cw\/wp-content\/uploads\/2021\/07\/210719-persbericht-afscheid-Consul-Generaal-VS.jpg\" \/>\n<script type=\"application\/ld+json\" class=\"yoast-schema-graph\">{\"@context\":\"https:\\\/\\\/schema.org\",\"@graph\":[{\"@type\":\"WebPage\",\"@id\":\"https:\\\/\\\/gobiernu.cw\\\/nl\\\/nieuw\\\/afscheidsbezoek-consul-generaal-vs\\\/\",\"url\":\"https:\\\/\\\/gobiernu.cw\\\/nl\\\/nieuw\\\/afscheidsbezoek-consul-generaal-vs\\\/\",\"name\":\"Afscheidsbezoek consul-generaal VS - Informashon tokante Gobi\u00e8rnu di K\u00f2rsou\",\"isPartOf\":{\"@id\":\"https:\\\/\\\/gobiernu.cw\\\/#website\"},\"primaryImageOfPage\":{\"@id\":\"https:\\\/\\\/gobiernu.cw\\\/nl\\\/nieuw\\\/afscheidsbezoek-consul-generaal-vs\\\/#primaryimage\"},\"image\":{\"@id\":\"https:\\\/\\\/gobiernu.cw\\\/nl\\\/nieuw\\\/afscheidsbezoek-consul-generaal-vs\\\/#primaryimage\"},\"thumbnailUrl\":\"https:\\\/\\\/gobiernu.cw\\\/wp-content\\\/uploads\\\/2021\\\/07\\\/210719-persbericht-afscheid-Consul-Generaal-VS.jpg\",\"datePublished\":\"2021-07-19T20:58:31+00:00\",\"breadcrumb\":{\"@id\":\"https:\\\/\\\/gobiernu.cw\\\/nl\\\/nieuw\\\/afscheidsbezoek-consul-generaal-vs\\\/#breadcrumb\"},\"inLanguage\":\"nl-NL\",\"potentialAction\":[{\"@type\":\"ReadAction\",\"target\":[\"https:\\\/\\\/gobiernu.cw\\\/nl\\\/nieuw\\\/afscheidsbezoek-consul-generaal-vs\\\/\"]}]},{\"@type\":\"ImageObject\",\"inLanguage\":\"nl-NL\",\"@id\":\"https:\\\/\\\/gobiernu.cw\\\/nl\\\/nieuw\\\/afscheidsbezoek-consul-generaal-vs\\\/#primaryimage\",\"url\":\"https:\\\/\\\/gobiernu.cw\\\/wp-content\\\/uploads\\\/2021\\\/07\\\/210719-persbericht-afscheid-Consul-Generaal-VS.jpg\",\"contentUrl\":\"https:\\\/\\\/gobiernu.cw\\\/wp-content\\\/uploads\\\/2021\\\/07\\\/210719-persbericht-afscheid-Consul-Generaal-VS.jpg\"},{\"@type\":\"BreadcrumbList\",\"@id\":\"https:\\\/\\\/gobiernu.cw\\\/nl\\\/nieuw\\\/afscheidsbezoek-consul-generaal-vs\\\/#breadcrumb\",\"itemListElement\":[{\"@type\":\"ListItem\",\"position\":1,\"name\":\"Home\",\"item\":\"https:\\\/\\\/gobiernu.cw\\\/nl\\\/\"},{\"@type\":\"ListItem\",\"position\":2,\"name\":\"Nieuws\",\"item\":\"https:\\\/\\\/gobiernu.cw\\\/nl\\\/nieuws\\\/\"},{\"@type\":\"ListItem\",\"position\":3,\"name\":\"Afscheidsbezoek consul-generaal VS\"}]},{\"@type\":\"WebSite\",\"@id\":\"https:\\\/\\\/gobiernu.cw\\\/#website\",\"url\":\"https:\\\/\\\/gobiernu.cw\\\/\",\"name\":\"Informashon tokante Gobi\u00e8rnu di K\u00f2rsou\",\"description\":\"Gobi\u00e8rnu di K\u00f2rsou\",\"publisher\":{\"@id\":\"https:\\\/\\\/gobiernu.cw\\\/#organization\"},\"potentialAction\":[{\"@type\":\"SearchAction\",\"target\":{\"@type\":\"EntryPoint\",\"urlTemplate\":\"https:\\\/\\\/gobiernu.cw\\\/?s={search_term_string}\"},\"query-input\":{\"@type\":\"PropertyValueSpecification\",\"valueRequired\":true,\"valueName\":\"search_term_string\"}}],\"inLanguage\":\"nl-NL\"},{\"@type\":\"Organization\",\"@id\":\"https:\\\/\\\/gobiernu.cw\\\/#organization\",\"name\":\"Gobi\u00e8rnu di K\u00f2rsou\",\"url\":\"https:\\\/\\\/gobiernu.cw\\\/\",\"logo\":{\"@type\":\"ImageObject\",\"inLanguage\":\"nl-NL\",\"@id\":\"https:\\\/\\\/gobiernu.cw\\\/#\\\/schema\\\/logo\\\/image\\\/\",\"url\":\"https:\\\/\\\/gobiernu.cw\\\/wp-content\\\/uploads\\\/2019\\\/01\\\/Logo_regering_3.png\",\"contentUrl\":\"https:\\\/\\\/gobiernu.cw\\\/wp-content\\\/uploads\\\/2019\\\/01\\\/Logo_regering_3.png\",\"width\":129,\"height\":115,\"caption\":\"Gobi\u00e8rnu di K\u00f2rsou\"},\"image\":{\"@id\":\"https:\\\/\\\/gobiernu.cw\\\/#\\\/schema\\\/logo\\\/image\\\/\"}}]}<\/script>\n<!-- \/ Yoast SEO plugin. -->","yoast_head_json":{"title":"Afscheidsbezoek consul-generaal VS - Informashon tokante Gobi\u00e8rnu di K\u00f2rsou","robots":{"index":"noindex","follow":"follow"},"twitter_card":"summary_large_image","twitter_title":"Afscheidsbezoek consul-generaal VS - Informashon tokante Gobi\u00e8rnu di K\u00f2rsou","twitter_description":"WILLEMSTAD \u2013\u00a0Op maandag 19 juli heeft de Consul-generaal van de Verenigde Staten van Amerika, dhr. Allen S. Greenberg een afscheidsbezoek gebracht aan de Gouverneur van Cura\u00e7ao, [\u2026]","twitter_image":"https:\/\/gobiernu.cw\/wp-content\/uploads\/2021\/07\/210719-persbericht-afscheid-Consul-Generaal-VS.jpg","schema":{"@context":"https:\/\/schema.org","@graph":[{"@type":"WebPage","@id":"https:\/\/gobiernu.cw\/nl\/nieuw\/afscheidsbezoek-consul-generaal-vs\/","url":"https:\/\/gobiernu.cw\/nl\/nieuw\/afscheidsbezoek-consul-generaal-vs\/","name":"Afscheidsbezoek consul-generaal VS - Informashon tokante Gobi\u00e8rnu di K\u00f2rsou","isPartOf":{"@id":"https:\/\/gobiernu.cw\/#website"},"primaryImageOfPage":{"@id":"https:\/\/gobiernu.cw\/nl\/nieuw\/afscheidsbezoek-consul-generaal-vs\/#primaryimage"},"image":{"@id":"https:\/\/gobiernu.cw\/nl\/nieuw\/afscheidsbezoek-consul-generaal-vs\/#primaryimage"},"thumbnailUrl":"https:\/\/gobiernu.cw\/wp-content\/uploads\/2021\/07\/210719-persbericht-afscheid-Consul-Generaal-VS.jpg","datePublished":"2021-07-19T20:58:31+00:00","breadcrumb":{"@id":"https:\/\/gobiernu.cw\/nl\/nieuw\/afscheidsbezoek-consul-generaal-vs\/#breadcrumb"},"inLanguage":"nl-NL","potentialAction":[{"@type":"ReadAction","target":["https:\/\/gobiernu.cw\/nl\/nieuw\/afscheidsbezoek-consul-generaal-vs\/"]}]},{"@type":"ImageObject","inLanguage":"nl-NL","@id":"https:\/\/gobiernu.cw\/nl\/nieuw\/afscheidsbezoek-consul-generaal-vs\/#primaryimage","url":"https:\/\/gobiernu.cw\/wp-content\/uploads\/2021\/07\/210719-persbericht-afscheid-Consul-Generaal-VS.jpg","contentUrl":"https:\/\/gobiernu.cw\/wp-content\/uploads\/2021\/07\/210719-persbericht-afscheid-Consul-Generaal-VS.jpg"},{"@type":"BreadcrumbList","@id":"https:\/\/gobiernu.cw\/nl\/nieuw\/afscheidsbezoek-consul-generaal-vs\/#breadcrumb","itemListElement":[{"@type":"ListItem","position":1,"name":"Home","item":"https:\/\/gobiernu.cw\/nl\/"},{"@type":"ListItem","position":2,"name":"Nieuws","item":"https:\/\/gobiernu.cw\/nl\/nieuws\/"},{"@type":"ListItem","position":3,"name":"Afscheidsbezoek consul-generaal VS"}]},{"@type":"WebSite","@id":"https:\/\/gobiernu.cw\/#website","url":"https:\/\/gobiernu.cw\/","name":"Informashon tokante Gobi\u00e8rnu di K\u00f2rsou","description":"Gobi\u00e8rnu di K\u00f2rsou","publisher":{"@id":"https:\/\/gobiernu.cw\/#organization"},"potentialAction":[{"@type":"SearchAction","target":{"@type":"EntryPoint","urlTemplate":"https:\/\/gobiernu.cw\/?s={search_term_string}"},"query-input":{"@type":"PropertyValueSpecification","valueRequired":true,"valueName":"search_term_string"}}],"inLanguage":"nl-NL"},{"@type":"Organization","@id":"https:\/\/gobiernu.cw\/#organization","name":"Gobi\u00e8rnu di K\u00f2rsou","url":"https:\/\/gobiernu.cw\/","logo":{"@type":"ImageObject","inLanguage":"nl-NL","@id":"https:\/\/gobiernu.cw\/#\/schema\/logo\/image\/","url":"https:\/\/gobiernu.cw\/wp-content\/uploads\/2019\/01\/Logo_regering_3.png","contentUrl":"https:\/\/gobiernu.cw\/wp-content\/uploads\/2019\/01\/Logo_regering_3.png","width":129,"height":115,"caption":"Gobi\u00e8rnu di K\u00f2rsou"},"image":{"@id":"https:\/\/gobiernu.cw\/#\/schema\/logo\/image\/"}}]}},"jetpack_sharing_enabled":true,"_links":{"self":[{"href":"https:\/\/gobiernu.cw\/nl\/wp-json\/wp\/v2\/nieuw\/382231","targetHints":{"allow":["GET"]}}],"collection":[{"href":"https:\/\/gobiernu.cw\/nl\/wp-json\/wp\/v2\/nieuw"}],"about":[{"href":"https:\/\/gobiernu.cw\/nl\/wp-json\/wp\/v2\/types\/nieuw"}],"wp:attachment":[{"href":"https:\/\/gobiernu.cw\/nl\/wp-json\/wp\/v2\/media?parent=382231"}],"wp:term":[{"taxonomy":"nieuws_category","embeddable":true,"href":"https:\/\/gobiernu.cw\/nl\/wp-json\/wp\/v2\/nieuws_category?post=382231"},{"taxonomy":"ministry","embeddable":true,"href":"https:\/\/gobiernu.cw\/nl\/wp-json\/wp\/v2\/ministry?post=382231"}],"curies":[{"name":"wp","href":"https:\/\/api.w.org\/{rel}","templated":true}]}}