{"id":533639,"date":"2023-09-15T17:18:36","date_gmt":"2023-09-15T21:18:36","guid":{"rendered":"https:\/\/gobiernu.cw\/?post_type=nieuw&#038;p=533639"},"modified":"2023-09-15T20:36:48","modified_gmt":"2023-09-16T00:36:48","slug":"533639-2","status":"publish","type":"nieuw","link":"https:\/\/gobiernu.cw\/nl\/nieuw\/533639-2\/","title":{"rendered":"Gouverneur van Cura\u00e7ao overhandigt opname &#8220;Amalia-Wals&#8221; aan Koning Willem-Alexander"},"content":{"rendered":"<p>Op vrijdag 15 september heeft de Gouverneur van Cura\u00e7ao H.E.-mevrouw L.A. George-Wout in haar opwachting bij Z.M. Koning Willem Alexander de studio opname van de wals <em>Sunsets for Princess Amalia<\/em> namens de Cura\u00e7aose bevolking, aan hem aangeboden. Het betreft zowel een opname van de uitvoering door orkest als een uitvoering door piano. De Gouverneur deed dit met het verzoek de opnames te overhandigen aan zijn dochter, Hare Koninklijke Hoogheid de Prinses van Oranje, Amalia.<\/p>\n<p>Tijdens het bezoek van de Koninklijke familie aan Cura\u00e7ao in februari jl. werd het muziekstuk live uitgevoerd en als nationaal geschenk van Cura\u00e7ao aangeboden aan de Prinses van Oranje ter gelegenheid van haar kennismaking met Cura\u00e7ao. Daarbij is aan haar destijds ook de partituur overhandigd.<\/p>\n<p>Cura\u00e7ao kent een lange traditie in het componeren van dansmuziek ter ere van bijzondere gelegenheden. Koning Willem III was het eerste lid van het Koninklijk Huis dat een compositie van Cura\u00e7ao mocht ontvangen. Bij de kennismaking van kroonprinses Beatrix aan Cura\u00e7ao is haar destijds de wals <em>Bella Trix<\/em> aangeboden.<\/p>\n<p>De wals <em>Sunsets for Princess Amalia<\/em> is gecomponeerd door Yohn Nathan Suarez. De heer Suarez is als muziekdocent verbonden aan de muziekschool van het Cultureel Centrum Cura\u00e7ao. De titel van de wals verwijst naar de innige band tussen Cura\u00e7ao en Nederland binnen het Koninkrijk, in moderne verbondenheid, met voldoening over wat is bereikt en hoopvol vooruitkijkend naar wat gaat komen.<\/p>\n<p>De orkestversie die werd overhandigd door de Gouverneur is recent op Cura\u00e7ao opgenomen en bewerkt en tot stand gekomen met medewerking van lokale musici en geluidstechnici. Dit is een unicum; producties met een dergelijke omvang worden doorgaans niet op het eiland maar in het buitenland gerealiseerd.<\/p>\n<p>&nbsp;<\/p>\n<p><img loading=\"lazy\" class=\"alignnone wp-image-533640 size-full\" src=\"https:\/\/gobiernu.cw\/wp-content\/uploads\/2023\/09\/2023_02_02-Bishita-Real-CV-Djaweps-merdia-A-12-scaled.jpg\" alt=\"\" width=\"2560\" height=\"1707\" srcset=\"https:\/\/gobiernu.cw\/wp-content\/uploads\/2023\/09\/2023_02_02-Bishita-Real-CV-Djaweps-merdia-A-12-scaled.jpg 2560w, https:\/\/gobiernu.cw\/wp-content\/uploads\/2023\/09\/2023_02_02-Bishita-Real-CV-Djaweps-merdia-A-12-300x200.jpg 300w, https:\/\/gobiernu.cw\/wp-content\/uploads\/2023\/09\/2023_02_02-Bishita-Real-CV-Djaweps-merdia-A-12-1024x683.jpg 1024w, https:\/\/gobiernu.cw\/wp-content\/uploads\/2023\/09\/2023_02_02-Bishita-Real-CV-Djaweps-merdia-A-12-768x512.jpg 768w, https:\/\/gobiernu.cw\/wp-content\/uploads\/2023\/09\/2023_02_02-Bishita-Real-CV-Djaweps-merdia-A-12-1536x1024.jpg 1536w, https:\/\/gobiernu.cw\/wp-content\/uploads\/2023\/09\/2023_02_02-Bishita-Real-CV-Djaweps-merdia-A-12-2048x1365.jpg 2048w, https:\/\/gobiernu.cw\/wp-content\/uploads\/2023\/09\/2023_02_02-Bishita-Real-CV-Djaweps-merdia-A-12-219x146.jpg 219w, https:\/\/gobiernu.cw\/wp-content\/uploads\/2023\/09\/2023_02_02-Bishita-Real-CV-Djaweps-merdia-A-12-50x33.jpg 50w, https:\/\/gobiernu.cw\/wp-content\/uploads\/2023\/09\/2023_02_02-Bishita-Real-CV-Djaweps-merdia-A-12-113x75.jpg 113w, https:\/\/gobiernu.cw\/wp-content\/uploads\/2023\/09\/2023_02_02-Bishita-Real-CV-Djaweps-merdia-A-12-1320x880.jpg 1320w\" sizes=\"auto, (max-width:767px) 480px, (max-width:2560px) 100vw, 2560px\" \/><\/p>\n<p><img loading=\"lazy\" class=\"alignnone wp-image-533642 size-full\" src=\"https:\/\/gobiernu.cw\/wp-content\/uploads\/2023\/09\/2023_02_02-Bishita-Real-CV-Djaweps-merdia-A-14-scaled.jpg\" alt=\"\" width=\"2560\" height=\"1707\" srcset=\"https:\/\/gobiernu.cw\/wp-content\/uploads\/2023\/09\/2023_02_02-Bishita-Real-CV-Djaweps-merdia-A-14-scaled.jpg 2560w, https:\/\/gobiernu.cw\/wp-content\/uploads\/2023\/09\/2023_02_02-Bishita-Real-CV-Djaweps-merdia-A-14-300x200.jpg 300w, https:\/\/gobiernu.cw\/wp-content\/uploads\/2023\/09\/2023_02_02-Bishita-Real-CV-Djaweps-merdia-A-14-1024x683.jpg 1024w, https:\/\/gobiernu.cw\/wp-content\/uploads\/2023\/09\/2023_02_02-Bishita-Real-CV-Djaweps-merdia-A-14-768x512.jpg 768w, https:\/\/gobiernu.cw\/wp-content\/uploads\/2023\/09\/2023_02_02-Bishita-Real-CV-Djaweps-merdia-A-14-1536x1024.jpg 1536w, https:\/\/gobiernu.cw\/wp-content\/uploads\/2023\/09\/2023_02_02-Bishita-Real-CV-Djaweps-merdia-A-14-2048x1365.jpg 2048w, https:\/\/gobiernu.cw\/wp-content\/uploads\/2023\/09\/2023_02_02-Bishita-Real-CV-Djaweps-merdia-A-14-219x146.jpg 219w, https:\/\/gobiernu.cw\/wp-content\/uploads\/2023\/09\/2023_02_02-Bishita-Real-CV-Djaweps-merdia-A-14-50x33.jpg 50w, https:\/\/gobiernu.cw\/wp-content\/uploads\/2023\/09\/2023_02_02-Bishita-Real-CV-Djaweps-merdia-A-14-113x75.jpg 113w, https:\/\/gobiernu.cw\/wp-content\/uploads\/2023\/09\/2023_02_02-Bishita-Real-CV-Djaweps-merdia-A-14-1320x880.jpg 1320w\" sizes=\"auto, (max-width:767px) 480px, (max-width:2560px) 100vw, 2560px\" \/><\/p>\n<p>&nbsp;<\/p>\n<p><img loading=\"lazy\" class=\"alignnone wp-image-533644 size-full\" src=\"https:\/\/gobiernu.cw\/wp-content\/uploads\/2023\/09\/2023_02_02-Bishita-Real-CV-Djaweps-merdia-A-23-scaled.jpg\" alt=\"\" width=\"2560\" height=\"1708\" srcset=\"https:\/\/gobiernu.cw\/wp-content\/uploads\/2023\/09\/2023_02_02-Bishita-Real-CV-Djaweps-merdia-A-23-scaled.jpg 2560w, https:\/\/gobiernu.cw\/wp-content\/uploads\/2023\/09\/2023_02_02-Bishita-Real-CV-Djaweps-merdia-A-23-300x200.jpg 300w, https:\/\/gobiernu.cw\/wp-content\/uploads\/2023\/09\/2023_02_02-Bishita-Real-CV-Djaweps-merdia-A-23-1024x683.jpg 1024w, https:\/\/gobiernu.cw\/wp-content\/uploads\/2023\/09\/2023_02_02-Bishita-Real-CV-Djaweps-merdia-A-23-768x512.jpg 768w, https:\/\/gobiernu.cw\/wp-content\/uploads\/2023\/09\/2023_02_02-Bishita-Real-CV-Djaweps-merdia-A-23-1536x1025.jpg 1536w, https:\/\/gobiernu.cw\/wp-content\/uploads\/2023\/09\/2023_02_02-Bishita-Real-CV-Djaweps-merdia-A-23-2048x1366.jpg 2048w, https:\/\/gobiernu.cw\/wp-content\/uploads\/2023\/09\/2023_02_02-Bishita-Real-CV-Djaweps-merdia-A-23-219x146.jpg 219w, https:\/\/gobiernu.cw\/wp-content\/uploads\/2023\/09\/2023_02_02-Bishita-Real-CV-Djaweps-merdia-A-23-50x33.jpg 50w, https:\/\/gobiernu.cw\/wp-content\/uploads\/2023\/09\/2023_02_02-Bishita-Real-CV-Djaweps-merdia-A-23-112x75.jpg 112w, https:\/\/gobiernu.cw\/wp-content\/uploads\/2023\/09\/2023_02_02-Bishita-Real-CV-Djaweps-merdia-A-23-1320x881.jpg 1320w\" sizes=\"auto, (max-width:767px) 480px, (max-width:2560px) 100vw, 2560px\" \/><\/p>\n","protected":false},"excerpt":{"rendered":"<p>Op vrijdag 15 september heeft de Gouverneur van Cura\u00e7ao H.E.-mevrouw L.A. George-Wout in haar opwachting bij Z.M. Koning Willem Alexander de studio opname van de wals<span class=\"excerpt-hellip\"> [\u2026]<\/span><\/p>\n","protected":false},"featured_media":533644,"parent":0,"template":"","nieuws_category":[622],"ministry":[],"class_list":["post-533639","nieuw","type-nieuw","status-publish","has-post-thumbnail","hentry","nieuws_category-gouverneur-van-curacao"],"acf":[],"yoast_head":"<!-- This site is optimized with the Yoast SEO plugin v27.5 - https:\/\/yoast.com\/product\/yoast-seo-wordpress\/ -->\n<title>Gouverneur van Cura\u00e7ao overhandigt opname &quot;Amalia-Wals&quot; aan Koning Willem-Alexander - Informashon tokante Gobi\u00e8rnu di K\u00f2rsou<\/title>\n<meta name=\"robots\" content=\"noindex, follow\" \/>\n<meta name=\"twitter:card\" content=\"summary_large_image\" \/>\n<meta name=\"twitter:title\" content=\"Gouverneur van Cura\u00e7ao overhandigt opname &quot;Amalia-Wals&quot; aan Koning Willem-Alexander - Informashon tokante Gobi\u00e8rnu di K\u00f2rsou\" \/>\n<meta name=\"twitter:description\" content=\"Op vrijdag 15 september heeft de Gouverneur van Cura\u00e7ao H.E.-mevrouw L.A. George-Wout in haar opwachting bij Z.M. Koning Willem Alexander de studio opname van de wals [\u2026]\" \/>\n<meta name=\"twitter:image\" content=\"https:\/\/gobiernu.cw\/wp-content\/uploads\/2023\/09\/2023_02_02-Bishita-Real-CV-Djaweps-merdia-A-23-scaled.jpg\" \/>\n<meta name=\"twitter:label1\" content=\"Geschatte leestijd\" \/>\n\t<meta name=\"twitter:data1\" content=\"1 minuut\" \/>\n<script type=\"application\/ld+json\" class=\"yoast-schema-graph\">{\"@context\":\"https:\\\/\\\/schema.org\",\"@graph\":[{\"@type\":\"WebPage\",\"@id\":\"https:\\\/\\\/gobiernu.cw\\\/nl\\\/nieuw\\\/533639-2\\\/\",\"url\":\"https:\\\/\\\/gobiernu.cw\\\/nl\\\/nieuw\\\/533639-2\\\/\",\"name\":\"Gouverneur van Cura\u00e7ao overhandigt opname \\\"Amalia-Wals\\\" aan Koning Willem-Alexander - Informashon tokante Gobi\u00e8rnu di K\u00f2rsou\",\"isPartOf\":{\"@id\":\"https:\\\/\\\/gobiernu.cw\\\/#website\"},\"primaryImageOfPage\":{\"@id\":\"https:\\\/\\\/gobiernu.cw\\\/nl\\\/nieuw\\\/533639-2\\\/#primaryimage\"},\"image\":{\"@id\":\"https:\\\/\\\/gobiernu.cw\\\/nl\\\/nieuw\\\/533639-2\\\/#primaryimage\"},\"thumbnailUrl\":\"https:\\\/\\\/gobiernu.cw\\\/wp-content\\\/uploads\\\/2023\\\/09\\\/2023_02_02-Bishita-Real-CV-Djaweps-merdia-A-23-scaled.jpg\",\"datePublished\":\"2023-09-15T21:18:36+00:00\",\"dateModified\":\"2023-09-16T00:36:48+00:00\",\"breadcrumb\":{\"@id\":\"https:\\\/\\\/gobiernu.cw\\\/nl\\\/nieuw\\\/533639-2\\\/#breadcrumb\"},\"inLanguage\":\"nl-NL\",\"potentialAction\":[{\"@type\":\"ReadAction\",\"target\":[\"https:\\\/\\\/gobiernu.cw\\\/nl\\\/nieuw\\\/533639-2\\\/\"]}]},{\"@type\":\"ImageObject\",\"inLanguage\":\"nl-NL\",\"@id\":\"https:\\\/\\\/gobiernu.cw\\\/nl\\\/nieuw\\\/533639-2\\\/#primaryimage\",\"url\":\"https:\\\/\\\/gobiernu.cw\\\/wp-content\\\/uploads\\\/2023\\\/09\\\/2023_02_02-Bishita-Real-CV-Djaweps-merdia-A-23-scaled.jpg\",\"contentUrl\":\"https:\\\/\\\/gobiernu.cw\\\/wp-content\\\/uploads\\\/2023\\\/09\\\/2023_02_02-Bishita-Real-CV-Djaweps-merdia-A-23-scaled.jpg\",\"width\":2560,\"height\":1708},{\"@type\":\"BreadcrumbList\",\"@id\":\"https:\\\/\\\/gobiernu.cw\\\/nl\\\/nieuw\\\/533639-2\\\/#breadcrumb\",\"itemListElement\":[{\"@type\":\"ListItem\",\"position\":1,\"name\":\"Home\",\"item\":\"https:\\\/\\\/gobiernu.cw\\\/nl\\\/\"},{\"@type\":\"ListItem\",\"position\":2,\"name\":\"Nieuws\",\"item\":\"https:\\\/\\\/gobiernu.cw\\\/nl\\\/nieuws\\\/\"},{\"@type\":\"ListItem\",\"position\":3,\"name\":\"Gouverneur van Cura\u00e7ao overhandigt opname &#8220;Amalia-Wals&#8221; aan Koning Willem-Alexander\"}]},{\"@type\":\"WebSite\",\"@id\":\"https:\\\/\\\/gobiernu.cw\\\/#website\",\"url\":\"https:\\\/\\\/gobiernu.cw\\\/\",\"name\":\"Informashon tokante Gobi\u00e8rnu di K\u00f2rsou\",\"description\":\"Gobi\u00e8rnu di K\u00f2rsou\",\"publisher\":{\"@id\":\"https:\\\/\\\/gobiernu.cw\\\/#organization\"},\"potentialAction\":[{\"@type\":\"SearchAction\",\"target\":{\"@type\":\"EntryPoint\",\"urlTemplate\":\"https:\\\/\\\/gobiernu.cw\\\/?s={search_term_string}\"},\"query-input\":{\"@type\":\"PropertyValueSpecification\",\"valueRequired\":true,\"valueName\":\"search_term_string\"}}],\"inLanguage\":\"nl-NL\"},{\"@type\":\"Organization\",\"@id\":\"https:\\\/\\\/gobiernu.cw\\\/#organization\",\"name\":\"Gobi\u00e8rnu di K\u00f2rsou\",\"url\":\"https:\\\/\\\/gobiernu.cw\\\/\",\"logo\":{\"@type\":\"ImageObject\",\"inLanguage\":\"nl-NL\",\"@id\":\"https:\\\/\\\/gobiernu.cw\\\/#\\\/schema\\\/logo\\\/image\\\/\",\"url\":\"https:\\\/\\\/gobiernu.cw\\\/wp-content\\\/uploads\\\/2019\\\/01\\\/Logo_regering_3.png\",\"contentUrl\":\"https:\\\/\\\/gobiernu.cw\\\/wp-content\\\/uploads\\\/2019\\\/01\\\/Logo_regering_3.png\",\"width\":129,\"height\":115,\"caption\":\"Gobi\u00e8rnu di K\u00f2rsou\"},\"image\":{\"@id\":\"https:\\\/\\\/gobiernu.cw\\\/#\\\/schema\\\/logo\\\/image\\\/\"}}]}<\/script>\n<!-- \/ Yoast SEO plugin. -->","yoast_head_json":{"title":"Gouverneur van Cura\u00e7ao overhandigt opname \"Amalia-Wals\" aan Koning Willem-Alexander - Informashon tokante Gobi\u00e8rnu di K\u00f2rsou","robots":{"index":"noindex","follow":"follow"},"twitter_card":"summary_large_image","twitter_title":"Gouverneur van Cura\u00e7ao overhandigt opname \"Amalia-Wals\" aan Koning Willem-Alexander - Informashon tokante Gobi\u00e8rnu di K\u00f2rsou","twitter_description":"Op vrijdag 15 september heeft de Gouverneur van Cura\u00e7ao H.E.-mevrouw L.A. George-Wout in haar opwachting bij Z.M. Koning Willem Alexander de studio opname van de wals [\u2026]","twitter_image":"https:\/\/gobiernu.cw\/wp-content\/uploads\/2023\/09\/2023_02_02-Bishita-Real-CV-Djaweps-merdia-A-23-scaled.jpg","twitter_misc":{"Geschatte leestijd":"1 minuut"},"schema":{"@context":"https:\/\/schema.org","@graph":[{"@type":"WebPage","@id":"https:\/\/gobiernu.cw\/nl\/nieuw\/533639-2\/","url":"https:\/\/gobiernu.cw\/nl\/nieuw\/533639-2\/","name":"Gouverneur van Cura\u00e7ao overhandigt opname \"Amalia-Wals\" aan Koning Willem-Alexander - Informashon tokante Gobi\u00e8rnu di K\u00f2rsou","isPartOf":{"@id":"https:\/\/gobiernu.cw\/#website"},"primaryImageOfPage":{"@id":"https:\/\/gobiernu.cw\/nl\/nieuw\/533639-2\/#primaryimage"},"image":{"@id":"https:\/\/gobiernu.cw\/nl\/nieuw\/533639-2\/#primaryimage"},"thumbnailUrl":"https:\/\/gobiernu.cw\/wp-content\/uploads\/2023\/09\/2023_02_02-Bishita-Real-CV-Djaweps-merdia-A-23-scaled.jpg","datePublished":"2023-09-15T21:18:36+00:00","dateModified":"2023-09-16T00:36:48+00:00","breadcrumb":{"@id":"https:\/\/gobiernu.cw\/nl\/nieuw\/533639-2\/#breadcrumb"},"inLanguage":"nl-NL","potentialAction":[{"@type":"ReadAction","target":["https:\/\/gobiernu.cw\/nl\/nieuw\/533639-2\/"]}]},{"@type":"ImageObject","inLanguage":"nl-NL","@id":"https:\/\/gobiernu.cw\/nl\/nieuw\/533639-2\/#primaryimage","url":"https:\/\/gobiernu.cw\/wp-content\/uploads\/2023\/09\/2023_02_02-Bishita-Real-CV-Djaweps-merdia-A-23-scaled.jpg","contentUrl":"https:\/\/gobiernu.cw\/wp-content\/uploads\/2023\/09\/2023_02_02-Bishita-Real-CV-Djaweps-merdia-A-23-scaled.jpg","width":2560,"height":1708},{"@type":"BreadcrumbList","@id":"https:\/\/gobiernu.cw\/nl\/nieuw\/533639-2\/#breadcrumb","itemListElement":[{"@type":"ListItem","position":1,"name":"Home","item":"https:\/\/gobiernu.cw\/nl\/"},{"@type":"ListItem","position":2,"name":"Nieuws","item":"https:\/\/gobiernu.cw\/nl\/nieuws\/"},{"@type":"ListItem","position":3,"name":"Gouverneur van Cura\u00e7ao overhandigt opname &#8220;Amalia-Wals&#8221; aan Koning Willem-Alexander"}]},{"@type":"WebSite","@id":"https:\/\/gobiernu.cw\/#website","url":"https:\/\/gobiernu.cw\/","name":"Informashon tokante Gobi\u00e8rnu di K\u00f2rsou","description":"Gobi\u00e8rnu di K\u00f2rsou","publisher":{"@id":"https:\/\/gobiernu.cw\/#organization"},"potentialAction":[{"@type":"SearchAction","target":{"@type":"EntryPoint","urlTemplate":"https:\/\/gobiernu.cw\/?s={search_term_string}"},"query-input":{"@type":"PropertyValueSpecification","valueRequired":true,"valueName":"search_term_string"}}],"inLanguage":"nl-NL"},{"@type":"Organization","@id":"https:\/\/gobiernu.cw\/#organization","name":"Gobi\u00e8rnu di K\u00f2rsou","url":"https:\/\/gobiernu.cw\/","logo":{"@type":"ImageObject","inLanguage":"nl-NL","@id":"https:\/\/gobiernu.cw\/#\/schema\/logo\/image\/","url":"https:\/\/gobiernu.cw\/wp-content\/uploads\/2019\/01\/Logo_regering_3.png","contentUrl":"https:\/\/gobiernu.cw\/wp-content\/uploads\/2019\/01\/Logo_regering_3.png","width":129,"height":115,"caption":"Gobi\u00e8rnu di K\u00f2rsou"},"image":{"@id":"https:\/\/gobiernu.cw\/#\/schema\/logo\/image\/"}}]}},"jetpack_sharing_enabled":true,"_links":{"self":[{"href":"https:\/\/gobiernu.cw\/nl\/wp-json\/wp\/v2\/nieuw\/533639","targetHints":{"allow":["GET"]}}],"collection":[{"href":"https:\/\/gobiernu.cw\/nl\/wp-json\/wp\/v2\/nieuw"}],"about":[{"href":"https:\/\/gobiernu.cw\/nl\/wp-json\/wp\/v2\/types\/nieuw"}],"wp:featuredmedia":[{"embeddable":true,"href":"https:\/\/gobiernu.cw\/nl\/wp-json\/wp\/v2\/media\/533644"}],"wp:attachment":[{"href":"https:\/\/gobiernu.cw\/nl\/wp-json\/wp\/v2\/media?parent=533639"}],"wp:term":[{"taxonomy":"nieuws_category","embeddable":true,"href":"https:\/\/gobiernu.cw\/nl\/wp-json\/wp\/v2\/nieuws_category?post=533639"},{"taxonomy":"ministry","embeddable":true,"href":"https:\/\/gobiernu.cw\/nl\/wp-json\/wp\/v2\/ministry?post=533639"}],"curies":[{"name":"wp","href":"https:\/\/api.w.org\/{rel}","templated":true}]}}