{"id":539944,"date":"2024-05-16T14:14:57","date_gmt":"2024-05-16T18:14:57","guid":{"rendered":"https:\/\/gobiernu.cw\/?post_type=nieuw&#038;p=539944"},"modified":"2024-05-16T14:14:57","modified_gmt":"2024-05-16T18:14:57","slug":"bezoek-commandant-tallship-be-esmeralda","status":"publish","type":"nieuw","link":"https:\/\/gobiernu.cw\/nl\/nieuw\/bezoek-commandant-tallship-be-esmeralda\/","title":{"rendered":"Bezoek commandant Tallship \u201c BE Esmeralda\u201d"},"content":{"rendered":"<p>WILLEMSTAD \u2013\u00a0Op woensdag 15 mei 2024 heeft de commandant van het Tallship \u201c BE Esmeralda\u201d \u00a0van Chile, Capitan Fernando Mendez Ca\u00f1as, Capitan de Navio Christian Mitrovich Carmona, de directeur van de Cura\u00e7ao Sail Foundation, mevrouw Lourdes Ezechi\u00ebls en liason officier van de Cura\u00e7ao Sail Foundation oud kapitein Sidney Isenia, een bezoek gebracht aan de Gouverneur van Cura\u00e7ao, Hare Excellentie Lucille George-Wout.<br \/>\n<img loading=\"lazy\" class=\"alignnone size-full wp-image-539945\" src=\"https:\/\/gobiernu.cw\/wp-content\/uploads\/2024\/05\/IMG-20240515-WA0009.jpg\" alt=\"\" width=\"900\" height=\"1600\" \/><\/p>\n","protected":false},"excerpt":{"rendered":"<p>WILLEMSTAD \u2013\u00a0Op woensdag 15 mei 2024 heeft de commandant van het Tallship \u201c BE Esmeralda\u201d \u00a0van Chile, Capitan Fernando Mendez Ca\u00f1as, Capitan de Navio Christian Mitrovich<span class=\"excerpt-hellip\"> [\u2026]<\/span><\/p>\n","protected":false},"featured_media":539945,"parent":0,"template":"","nieuws_category":[133,622,651],"ministry":[207],"class_list":["post-539944","nieuw","type-nieuw","status-publish","has-post-thumbnail","hentry","nieuws_category-persberichten-nl","nieuws_category-gouverneur-van-curacao","nieuws_category-komunikado-nl","ministry-algemene-zaken-en-minister-president"],"acf":[],"yoast_head":"<!-- This site is optimized with the Yoast SEO plugin v27.4 - https:\/\/yoast.com\/product\/yoast-seo-wordpress\/ -->\n<title>Bezoek commandant Tallship \u201c BE Esmeralda\u201d - Informashon tokante Gobi\u00e8rnu di K\u00f2rsou<\/title>\n<meta name=\"robots\" content=\"noindex, follow\" \/>\n<meta name=\"twitter:card\" content=\"summary_large_image\" \/>\n<meta name=\"twitter:title\" content=\"Bezoek commandant Tallship \u201c BE Esmeralda\u201d - Informashon tokante Gobi\u00e8rnu di K\u00f2rsou\" \/>\n<meta name=\"twitter:description\" content=\"WILLEMSTAD \u2013\u00a0Op woensdag 15 mei 2024 heeft de commandant van het Tallship \u201c BE Esmeralda\u201d \u00a0van Chile, Capitan Fernando Mendez Ca\u00f1as, Capitan de Navio Christian Mitrovich [\u2026]\" \/>\n<meta name=\"twitter:image\" content=\"https:\/\/gobiernu.cw\/wp-content\/uploads\/2024\/05\/IMG-20240515-WA0009-e1715872890907.jpg\" \/>\n<script type=\"application\/ld+json\" class=\"yoast-schema-graph\">{\"@context\":\"https:\\\/\\\/schema.org\",\"@graph\":[{\"@type\":\"WebPage\",\"@id\":\"https:\\\/\\\/gobiernu.cw\\\/nl\\\/nieuw\\\/bezoek-commandant-tallship-be-esmeralda\\\/\",\"url\":\"https:\\\/\\\/gobiernu.cw\\\/nl\\\/nieuw\\\/bezoek-commandant-tallship-be-esmeralda\\\/\",\"name\":\"Bezoek commandant Tallship \u201c BE Esmeralda\u201d - Informashon tokante Gobi\u00e8rnu di K\u00f2rsou\",\"isPartOf\":{\"@id\":\"https:\\\/\\\/gobiernu.cw\\\/#website\"},\"primaryImageOfPage\":{\"@id\":\"https:\\\/\\\/gobiernu.cw\\\/nl\\\/nieuw\\\/bezoek-commandant-tallship-be-esmeralda\\\/#primaryimage\"},\"image\":{\"@id\":\"https:\\\/\\\/gobiernu.cw\\\/nl\\\/nieuw\\\/bezoek-commandant-tallship-be-esmeralda\\\/#primaryimage\"},\"thumbnailUrl\":\"https:\\\/\\\/gobiernu.cw\\\/wp-content\\\/uploads\\\/2024\\\/05\\\/IMG-20240515-WA0009-e1715872890907.jpg\",\"datePublished\":\"2024-05-16T18:14:57+00:00\",\"breadcrumb\":{\"@id\":\"https:\\\/\\\/gobiernu.cw\\\/nl\\\/nieuw\\\/bezoek-commandant-tallship-be-esmeralda\\\/#breadcrumb\"},\"inLanguage\":\"nl-NL\",\"potentialAction\":[{\"@type\":\"ReadAction\",\"target\":[\"https:\\\/\\\/gobiernu.cw\\\/nl\\\/nieuw\\\/bezoek-commandant-tallship-be-esmeralda\\\/\"]}]},{\"@type\":\"ImageObject\",\"inLanguage\":\"nl-NL\",\"@id\":\"https:\\\/\\\/gobiernu.cw\\\/nl\\\/nieuw\\\/bezoek-commandant-tallship-be-esmeralda\\\/#primaryimage\",\"url\":\"https:\\\/\\\/gobiernu.cw\\\/wp-content\\\/uploads\\\/2024\\\/05\\\/IMG-20240515-WA0009-e1715872890907.jpg\",\"contentUrl\":\"https:\\\/\\\/gobiernu.cw\\\/wp-content\\\/uploads\\\/2024\\\/05\\\/IMG-20240515-WA0009-e1715872890907.jpg\",\"width\":901,\"height\":1250},{\"@type\":\"BreadcrumbList\",\"@id\":\"https:\\\/\\\/gobiernu.cw\\\/nl\\\/nieuw\\\/bezoek-commandant-tallship-be-esmeralda\\\/#breadcrumb\",\"itemListElement\":[{\"@type\":\"ListItem\",\"position\":1,\"name\":\"Home\",\"item\":\"https:\\\/\\\/gobiernu.cw\\\/nl\\\/\"},{\"@type\":\"ListItem\",\"position\":2,\"name\":\"Nieuws\",\"item\":\"https:\\\/\\\/gobiernu.cw\\\/nl\\\/nieuws\\\/\"},{\"@type\":\"ListItem\",\"position\":3,\"name\":\"Bezoek commandant Tallship \u201c BE Esmeralda\u201d\"}]},{\"@type\":\"WebSite\",\"@id\":\"https:\\\/\\\/gobiernu.cw\\\/#website\",\"url\":\"https:\\\/\\\/gobiernu.cw\\\/\",\"name\":\"Informashon tokante Gobi\u00e8rnu di K\u00f2rsou\",\"description\":\"Gobi\u00e8rnu di K\u00f2rsou\",\"publisher\":{\"@id\":\"https:\\\/\\\/gobiernu.cw\\\/#organization\"},\"potentialAction\":[{\"@type\":\"SearchAction\",\"target\":{\"@type\":\"EntryPoint\",\"urlTemplate\":\"https:\\\/\\\/gobiernu.cw\\\/?s={search_term_string}\"},\"query-input\":{\"@type\":\"PropertyValueSpecification\",\"valueRequired\":true,\"valueName\":\"search_term_string\"}}],\"inLanguage\":\"nl-NL\"},{\"@type\":\"Organization\",\"@id\":\"https:\\\/\\\/gobiernu.cw\\\/#organization\",\"name\":\"Gobi\u00e8rnu di K\u00f2rsou\",\"url\":\"https:\\\/\\\/gobiernu.cw\\\/\",\"logo\":{\"@type\":\"ImageObject\",\"inLanguage\":\"nl-NL\",\"@id\":\"https:\\\/\\\/gobiernu.cw\\\/#\\\/schema\\\/logo\\\/image\\\/\",\"url\":\"https:\\\/\\\/gobiernu.cw\\\/wp-content\\\/uploads\\\/2019\\\/01\\\/Logo_regering_3.png\",\"contentUrl\":\"https:\\\/\\\/gobiernu.cw\\\/wp-content\\\/uploads\\\/2019\\\/01\\\/Logo_regering_3.png\",\"width\":129,\"height\":115,\"caption\":\"Gobi\u00e8rnu di K\u00f2rsou\"},\"image\":{\"@id\":\"https:\\\/\\\/gobiernu.cw\\\/#\\\/schema\\\/logo\\\/image\\\/\"}}]}<\/script>\n<!-- \/ Yoast SEO plugin. -->","yoast_head_json":{"title":"Bezoek commandant Tallship \u201c BE Esmeralda\u201d - Informashon tokante Gobi\u00e8rnu di K\u00f2rsou","robots":{"index":"noindex","follow":"follow"},"twitter_card":"summary_large_image","twitter_title":"Bezoek commandant Tallship \u201c BE Esmeralda\u201d - Informashon tokante Gobi\u00e8rnu di K\u00f2rsou","twitter_description":"WILLEMSTAD \u2013\u00a0Op woensdag 15 mei 2024 heeft de commandant van het Tallship \u201c BE Esmeralda\u201d \u00a0van Chile, Capitan Fernando Mendez Ca\u00f1as, Capitan de Navio Christian Mitrovich [\u2026]","twitter_image":"https:\/\/gobiernu.cw\/wp-content\/uploads\/2024\/05\/IMG-20240515-WA0009-e1715872890907.jpg","schema":{"@context":"https:\/\/schema.org","@graph":[{"@type":"WebPage","@id":"https:\/\/gobiernu.cw\/nl\/nieuw\/bezoek-commandant-tallship-be-esmeralda\/","url":"https:\/\/gobiernu.cw\/nl\/nieuw\/bezoek-commandant-tallship-be-esmeralda\/","name":"Bezoek commandant Tallship \u201c BE Esmeralda\u201d - Informashon tokante Gobi\u00e8rnu di K\u00f2rsou","isPartOf":{"@id":"https:\/\/gobiernu.cw\/#website"},"primaryImageOfPage":{"@id":"https:\/\/gobiernu.cw\/nl\/nieuw\/bezoek-commandant-tallship-be-esmeralda\/#primaryimage"},"image":{"@id":"https:\/\/gobiernu.cw\/nl\/nieuw\/bezoek-commandant-tallship-be-esmeralda\/#primaryimage"},"thumbnailUrl":"https:\/\/gobiernu.cw\/wp-content\/uploads\/2024\/05\/IMG-20240515-WA0009-e1715872890907.jpg","datePublished":"2024-05-16T18:14:57+00:00","breadcrumb":{"@id":"https:\/\/gobiernu.cw\/nl\/nieuw\/bezoek-commandant-tallship-be-esmeralda\/#breadcrumb"},"inLanguage":"nl-NL","potentialAction":[{"@type":"ReadAction","target":["https:\/\/gobiernu.cw\/nl\/nieuw\/bezoek-commandant-tallship-be-esmeralda\/"]}]},{"@type":"ImageObject","inLanguage":"nl-NL","@id":"https:\/\/gobiernu.cw\/nl\/nieuw\/bezoek-commandant-tallship-be-esmeralda\/#primaryimage","url":"https:\/\/gobiernu.cw\/wp-content\/uploads\/2024\/05\/IMG-20240515-WA0009-e1715872890907.jpg","contentUrl":"https:\/\/gobiernu.cw\/wp-content\/uploads\/2024\/05\/IMG-20240515-WA0009-e1715872890907.jpg","width":901,"height":1250},{"@type":"BreadcrumbList","@id":"https:\/\/gobiernu.cw\/nl\/nieuw\/bezoek-commandant-tallship-be-esmeralda\/#breadcrumb","itemListElement":[{"@type":"ListItem","position":1,"name":"Home","item":"https:\/\/gobiernu.cw\/nl\/"},{"@type":"ListItem","position":2,"name":"Nieuws","item":"https:\/\/gobiernu.cw\/nl\/nieuws\/"},{"@type":"ListItem","position":3,"name":"Bezoek commandant Tallship \u201c BE Esmeralda\u201d"}]},{"@type":"WebSite","@id":"https:\/\/gobiernu.cw\/#website","url":"https:\/\/gobiernu.cw\/","name":"Informashon tokante Gobi\u00e8rnu di K\u00f2rsou","description":"Gobi\u00e8rnu di K\u00f2rsou","publisher":{"@id":"https:\/\/gobiernu.cw\/#organization"},"potentialAction":[{"@type":"SearchAction","target":{"@type":"EntryPoint","urlTemplate":"https:\/\/gobiernu.cw\/?s={search_term_string}"},"query-input":{"@type":"PropertyValueSpecification","valueRequired":true,"valueName":"search_term_string"}}],"inLanguage":"nl-NL"},{"@type":"Organization","@id":"https:\/\/gobiernu.cw\/#organization","name":"Gobi\u00e8rnu di K\u00f2rsou","url":"https:\/\/gobiernu.cw\/","logo":{"@type":"ImageObject","inLanguage":"nl-NL","@id":"https:\/\/gobiernu.cw\/#\/schema\/logo\/image\/","url":"https:\/\/gobiernu.cw\/wp-content\/uploads\/2019\/01\/Logo_regering_3.png","contentUrl":"https:\/\/gobiernu.cw\/wp-content\/uploads\/2019\/01\/Logo_regering_3.png","width":129,"height":115,"caption":"Gobi\u00e8rnu di K\u00f2rsou"},"image":{"@id":"https:\/\/gobiernu.cw\/#\/schema\/logo\/image\/"}}]}},"jetpack_sharing_enabled":true,"_links":{"self":[{"href":"https:\/\/gobiernu.cw\/nl\/wp-json\/wp\/v2\/nieuw\/539944","targetHints":{"allow":["GET"]}}],"collection":[{"href":"https:\/\/gobiernu.cw\/nl\/wp-json\/wp\/v2\/nieuw"}],"about":[{"href":"https:\/\/gobiernu.cw\/nl\/wp-json\/wp\/v2\/types\/nieuw"}],"wp:featuredmedia":[{"embeddable":true,"href":"https:\/\/gobiernu.cw\/nl\/wp-json\/wp\/v2\/media\/539945"}],"wp:attachment":[{"href":"https:\/\/gobiernu.cw\/nl\/wp-json\/wp\/v2\/media?parent=539944"}],"wp:term":[{"taxonomy":"nieuws_category","embeddable":true,"href":"https:\/\/gobiernu.cw\/nl\/wp-json\/wp\/v2\/nieuws_category?post=539944"},{"taxonomy":"ministry","embeddable":true,"href":"https:\/\/gobiernu.cw\/nl\/wp-json\/wp\/v2\/ministry?post=539944"}],"curies":[{"name":"wp","href":"https:\/\/api.w.org\/{rel}","templated":true}]}}