{"id":549389,"date":"2025-04-25T11:46:53","date_gmt":"2025-04-25T15:46:53","guid":{"rendered":"https:\/\/gobiernu.cw\/?post_type=nieuw&#038;p=549389"},"modified":"2025-04-25T12:33:15","modified_gmt":"2025-04-25T16:33:15","slug":"lintjesregen-2025-2","status":"publish","type":"nieuw","link":"https:\/\/gobiernu.cw\/nl\/nieuw\/lintjesregen-2025-2\/","title":{"rendered":"Lintjesregen 2025"},"content":{"rendered":"<p><span style=\"font-weight: 400;\">Willemstad \u2013 Hedenochtend heeft de Gouverneur van Cura\u00e7ao, H.E. Lucille George-Wout, namens Zijne Majesteit de Koning Willem-Alexander, tijdens een offici\u00eble ceremonie in het Gouverneurshuis te Fort Amsterdam, 12 Cura\u00e7aose burgers en 1 Nederlandse burger mogen decoreren met een Koninklijke onderscheiding voor hun bijzondere verdiensten ten behoeve van de gemeenschap. Verdiensten die onmisbaar zijn voor de Cura\u00e7aose gemeenschap en die door de medeburgers niet onopgemerkt zijn gebleven.<\/span><\/p>\n<p><span style=\"font-weight: 400;\">De volgende personen zijn gedecoreerd met een Koninklijke onderscheiding:<\/span><\/p>\n<p><b>Officier in de Orde van Oranje-Nassau<br \/>\n<\/b><span style=\"font-weight: 400;\">de heer dr. M.D. Winedt, voor verdiensten op het terrein van o.a. religieus leven, cultureel erfgoed en gelijkheid.<\/span><\/p>\n<p><b>Ridder in de Orde van Oranje-Nassau<br \/>\n<\/b><span style=\"font-weight: 400;\">mevrouw H.M.L.A. Maduro-Molhuysen, voor verdiensten op het terrein van cultuurhistorie;<br \/>\n<\/span><span style=\"font-weight: 400;\">mevrouw D. Tyrol-Carolus, voor verdiensten op het terrein van o.a. armoedebestrijding en monumentenzorg.<\/span><\/p>\n<p><b>Lid in de Orde van Oranje-Nassau<br \/>\n<\/b><span style=\"font-weight: 400;\">de heer G.A. Adriana, voor verdiensten op het terrein van jeugdwelzijn en pati\u00ebntenwelzijn;<br \/>\n<\/span><span style=\"font-weight: 400;\">de heer O.P.M. Betrian, voor verdiensten op het terrein van religieus leven, welzijn en sociale cohesie;<br \/>\n<\/span><span style=\"font-weight: 400;\">de heer L.A.P. Casper, voor verdiensten op het terrein van muziek en religieus leven;<br \/>\n<\/span><span style=\"font-weight: 400;\">de heer R.L. James, voor verdiensten op het terrein van religieus leven, armoedebestrijding en onderwijs;<br \/>\n<\/span><span style=\"font-weight: 400;\">de heer dr. H. Landman, voor verdiensten op het terrein van genealogie;<br \/>\n<\/span><span style=\"font-weight: 400;\">de heer A.M. Legrand, voor verdiensten op het terrein van wandelsport en natuurbeheer;<br \/>\n<\/span><span style=\"font-weight: 400;\">de heer E.A. Martis, voor verdiensten op het terrein van religieus leven, jeugdwelzijn en muziek;<br \/>\n<\/span><span style=\"font-weight: 400;\">de heer I.A. Meijer, voor verdiensten op het terrein van onderwijs, voetbal en vrijmetselarij;<br \/>\n<\/span><span style=\"font-weight: 400;\">de heer A.J.S. Virginie, voor verdiensten op het terrein van media, zorg en welzijn.<\/span><\/p>\n<p><span style=\"font-weight: 400;\">De Gouverneur heeft mevrouw S.M.R. L\u0171ckman-Meijer gedecoreerd met de Koninklijke onderscheiding van Ridder in de Orde van Oranje-Nassau, voor verdiensten op het gebied van cultuur en onderwijs mede in Caribisch Nederland. Op verzoek van het Kapittel vond de uitreiking van de Koninklijke onderscheiding aan mevrouw L\u0171ckman-Meijer, die ingezetene is van de stad Utrecht, op Cura\u00e7ao plaats vanwege haar tijdelijke verblijf hier.<\/span><\/p>\n<p><span style=\"font-weight: 400;\">Op de foto:<br \/>\n<\/span><span style=\"font-weight: 400;\">De Gouverneur van Cura\u00e7ao, H.E. Lucille George-Wout en de 13 gedecoreerden personen.<\/span><\/p>\n<p><a href=\"https:\/\/gobiernu.cw\/nl\/nieuw\/lintjesregen-2025-2\/lr-gob-250425-2\/\" rel=\"attachment wp-att-549392\"><img loading=\"lazy\" class=\"alignnone size-full wp-image-549392\" src=\"https:\/\/gobiernu.cw\/wp-content\/uploads\/2025\/04\/LR-Gob-250425-2-scaled.jpg\" alt=\"\" width=\"2560\" height=\"1707\" srcset=\"https:\/\/gobiernu.cw\/wp-content\/uploads\/2025\/04\/LR-Gob-250425-2-scaled.jpg 2560w, https:\/\/gobiernu.cw\/wp-content\/uploads\/2025\/04\/LR-Gob-250425-2-300x200.jpg 300w, https:\/\/gobiernu.cw\/wp-content\/uploads\/2025\/04\/LR-Gob-250425-2-1024x683.jpg 1024w, https:\/\/gobiernu.cw\/wp-content\/uploads\/2025\/04\/LR-Gob-250425-2-768x512.jpg 768w, https:\/\/gobiernu.cw\/wp-content\/uploads\/2025\/04\/LR-Gob-250425-2-1536x1024.jpg 1536w, https:\/\/gobiernu.cw\/wp-content\/uploads\/2025\/04\/LR-Gob-250425-2-2048x1365.jpg 2048w, https:\/\/gobiernu.cw\/wp-content\/uploads\/2025\/04\/LR-Gob-250425-2-219x146.jpg 219w, https:\/\/gobiernu.cw\/wp-content\/uploads\/2025\/04\/LR-Gob-250425-2-50x33.jpg 50w, https:\/\/gobiernu.cw\/wp-content\/uploads\/2025\/04\/LR-Gob-250425-2-113x75.jpg 113w, https:\/\/gobiernu.cw\/wp-content\/uploads\/2025\/04\/LR-Gob-250425-2-1320x880.jpg 1320w\" sizes=\"auto, (max-width:767px) 480px, (max-width:2560px) 100vw, 2560px\" \/><\/a><\/p>\n","protected":false},"excerpt":{"rendered":"<p>Willemstad \u2013 Hedenochtend heeft de Gouverneur van Cura\u00e7ao, H.E. Lucille George-Wout, namens Zijne Majesteit de Koning Willem-Alexander, tijdens een offici\u00eble ceremonie in het Gouverneurshuis te Fort<span class=\"excerpt-hellip\"> [\u2026]<\/span><\/p>\n","protected":false},"featured_media":0,"parent":0,"template":"","nieuws_category":[622],"ministry":[207],"class_list":["post-549389","nieuw","type-nieuw","status-publish","hentry","nieuws_category-gouverneur-van-curacao","ministry-algemene-zaken-en-minister-president"],"acf":[],"yoast_head":"<!-- This site is optimized with the Yoast SEO plugin v27.5 - https:\/\/yoast.com\/product\/yoast-seo-wordpress\/ -->\n<title>Lintjesregen 2025 - Informashon tokante Gobi\u00e8rnu di K\u00f2rsou<\/title>\n<meta name=\"robots\" content=\"noindex, follow\" \/>\n<meta name=\"twitter:card\" content=\"summary_large_image\" \/>\n<meta name=\"twitter:title\" content=\"Lintjesregen 2025 - Informashon tokante Gobi\u00e8rnu di K\u00f2rsou\" \/>\n<meta name=\"twitter:description\" content=\"Willemstad \u2013 Hedenochtend heeft de Gouverneur van Cura\u00e7ao, H.E. Lucille George-Wout, namens Zijne Majesteit de Koning Willem-Alexander, tijdens een offici\u00eble ceremonie in het Gouverneurshuis te Fort [\u2026]\" \/>\n<meta name=\"twitter:image\" content=\"https:\/\/gobiernu.cw\/wp-content\/uploads\/2025\/04\/LR-Gob-250425-2-scaled.jpg\" \/>\n<meta name=\"twitter:label1\" content=\"Geschatte leestijd\" \/>\n\t<meta name=\"twitter:data1\" content=\"2 minuten\" \/>\n<script type=\"application\/ld+json\" class=\"yoast-schema-graph\">{\"@context\":\"https:\\\/\\\/schema.org\",\"@graph\":[{\"@type\":\"WebPage\",\"@id\":\"https:\\\/\\\/gobiernu.cw\\\/nl\\\/nieuw\\\/lintjesregen-2025-2\\\/\",\"url\":\"https:\\\/\\\/gobiernu.cw\\\/nl\\\/nieuw\\\/lintjesregen-2025-2\\\/\",\"name\":\"Lintjesregen 2025 - Informashon tokante Gobi\u00e8rnu di K\u00f2rsou\",\"isPartOf\":{\"@id\":\"https:\\\/\\\/gobiernu.cw\\\/#website\"},\"primaryImageOfPage\":{\"@id\":\"https:\\\/\\\/gobiernu.cw\\\/nl\\\/nieuw\\\/lintjesregen-2025-2\\\/#primaryimage\"},\"image\":{\"@id\":\"https:\\\/\\\/gobiernu.cw\\\/nl\\\/nieuw\\\/lintjesregen-2025-2\\\/#primaryimage\"},\"thumbnailUrl\":\"https:\\\/\\\/gobiernu.cw\\\/wp-content\\\/uploads\\\/2025\\\/04\\\/LR-Gob-250425-2-scaled.jpg\",\"datePublished\":\"2025-04-25T15:46:53+00:00\",\"dateModified\":\"2025-04-25T16:33:15+00:00\",\"breadcrumb\":{\"@id\":\"https:\\\/\\\/gobiernu.cw\\\/nl\\\/nieuw\\\/lintjesregen-2025-2\\\/#breadcrumb\"},\"inLanguage\":\"nl-NL\",\"potentialAction\":[{\"@type\":\"ReadAction\",\"target\":[\"https:\\\/\\\/gobiernu.cw\\\/nl\\\/nieuw\\\/lintjesregen-2025-2\\\/\"]}]},{\"@type\":\"ImageObject\",\"inLanguage\":\"nl-NL\",\"@id\":\"https:\\\/\\\/gobiernu.cw\\\/nl\\\/nieuw\\\/lintjesregen-2025-2\\\/#primaryimage\",\"url\":\"https:\\\/\\\/gobiernu.cw\\\/wp-content\\\/uploads\\\/2025\\\/04\\\/LR-Gob-250425-2-scaled.jpg\",\"contentUrl\":\"https:\\\/\\\/gobiernu.cw\\\/wp-content\\\/uploads\\\/2025\\\/04\\\/LR-Gob-250425-2-scaled.jpg\"},{\"@type\":\"BreadcrumbList\",\"@id\":\"https:\\\/\\\/gobiernu.cw\\\/nl\\\/nieuw\\\/lintjesregen-2025-2\\\/#breadcrumb\",\"itemListElement\":[{\"@type\":\"ListItem\",\"position\":1,\"name\":\"Home\",\"item\":\"https:\\\/\\\/gobiernu.cw\\\/nl\\\/\"},{\"@type\":\"ListItem\",\"position\":2,\"name\":\"Nieuws\",\"item\":\"https:\\\/\\\/gobiernu.cw\\\/nl\\\/nieuws\\\/\"},{\"@type\":\"ListItem\",\"position\":3,\"name\":\"Lintjesregen 2025\"}]},{\"@type\":\"WebSite\",\"@id\":\"https:\\\/\\\/gobiernu.cw\\\/#website\",\"url\":\"https:\\\/\\\/gobiernu.cw\\\/\",\"name\":\"Informashon tokante Gobi\u00e8rnu di K\u00f2rsou\",\"description\":\"Gobi\u00e8rnu di K\u00f2rsou\",\"publisher\":{\"@id\":\"https:\\\/\\\/gobiernu.cw\\\/#organization\"},\"potentialAction\":[{\"@type\":\"SearchAction\",\"target\":{\"@type\":\"EntryPoint\",\"urlTemplate\":\"https:\\\/\\\/gobiernu.cw\\\/?s={search_term_string}\"},\"query-input\":{\"@type\":\"PropertyValueSpecification\",\"valueRequired\":true,\"valueName\":\"search_term_string\"}}],\"inLanguage\":\"nl-NL\"},{\"@type\":\"Organization\",\"@id\":\"https:\\\/\\\/gobiernu.cw\\\/#organization\",\"name\":\"Gobi\u00e8rnu di K\u00f2rsou\",\"url\":\"https:\\\/\\\/gobiernu.cw\\\/\",\"logo\":{\"@type\":\"ImageObject\",\"inLanguage\":\"nl-NL\",\"@id\":\"https:\\\/\\\/gobiernu.cw\\\/#\\\/schema\\\/logo\\\/image\\\/\",\"url\":\"https:\\\/\\\/gobiernu.cw\\\/wp-content\\\/uploads\\\/2019\\\/01\\\/Logo_regering_3.png\",\"contentUrl\":\"https:\\\/\\\/gobiernu.cw\\\/wp-content\\\/uploads\\\/2019\\\/01\\\/Logo_regering_3.png\",\"width\":129,\"height\":115,\"caption\":\"Gobi\u00e8rnu di K\u00f2rsou\"},\"image\":{\"@id\":\"https:\\\/\\\/gobiernu.cw\\\/#\\\/schema\\\/logo\\\/image\\\/\"}}]}<\/script>\n<!-- \/ Yoast SEO plugin. -->","yoast_head_json":{"title":"Lintjesregen 2025 - Informashon tokante Gobi\u00e8rnu di K\u00f2rsou","robots":{"index":"noindex","follow":"follow"},"twitter_card":"summary_large_image","twitter_title":"Lintjesregen 2025 - Informashon tokante Gobi\u00e8rnu di K\u00f2rsou","twitter_description":"Willemstad \u2013 Hedenochtend heeft de Gouverneur van Cura\u00e7ao, H.E. Lucille George-Wout, namens Zijne Majesteit de Koning Willem-Alexander, tijdens een offici\u00eble ceremonie in het Gouverneurshuis te Fort [\u2026]","twitter_image":"https:\/\/gobiernu.cw\/wp-content\/uploads\/2025\/04\/LR-Gob-250425-2-scaled.jpg","twitter_misc":{"Geschatte leestijd":"2 minuten"},"schema":{"@context":"https:\/\/schema.org","@graph":[{"@type":"WebPage","@id":"https:\/\/gobiernu.cw\/nl\/nieuw\/lintjesregen-2025-2\/","url":"https:\/\/gobiernu.cw\/nl\/nieuw\/lintjesregen-2025-2\/","name":"Lintjesregen 2025 - Informashon tokante Gobi\u00e8rnu di K\u00f2rsou","isPartOf":{"@id":"https:\/\/gobiernu.cw\/#website"},"primaryImageOfPage":{"@id":"https:\/\/gobiernu.cw\/nl\/nieuw\/lintjesregen-2025-2\/#primaryimage"},"image":{"@id":"https:\/\/gobiernu.cw\/nl\/nieuw\/lintjesregen-2025-2\/#primaryimage"},"thumbnailUrl":"https:\/\/gobiernu.cw\/wp-content\/uploads\/2025\/04\/LR-Gob-250425-2-scaled.jpg","datePublished":"2025-04-25T15:46:53+00:00","dateModified":"2025-04-25T16:33:15+00:00","breadcrumb":{"@id":"https:\/\/gobiernu.cw\/nl\/nieuw\/lintjesregen-2025-2\/#breadcrumb"},"inLanguage":"nl-NL","potentialAction":[{"@type":"ReadAction","target":["https:\/\/gobiernu.cw\/nl\/nieuw\/lintjesregen-2025-2\/"]}]},{"@type":"ImageObject","inLanguage":"nl-NL","@id":"https:\/\/gobiernu.cw\/nl\/nieuw\/lintjesregen-2025-2\/#primaryimage","url":"https:\/\/gobiernu.cw\/wp-content\/uploads\/2025\/04\/LR-Gob-250425-2-scaled.jpg","contentUrl":"https:\/\/gobiernu.cw\/wp-content\/uploads\/2025\/04\/LR-Gob-250425-2-scaled.jpg"},{"@type":"BreadcrumbList","@id":"https:\/\/gobiernu.cw\/nl\/nieuw\/lintjesregen-2025-2\/#breadcrumb","itemListElement":[{"@type":"ListItem","position":1,"name":"Home","item":"https:\/\/gobiernu.cw\/nl\/"},{"@type":"ListItem","position":2,"name":"Nieuws","item":"https:\/\/gobiernu.cw\/nl\/nieuws\/"},{"@type":"ListItem","position":3,"name":"Lintjesregen 2025"}]},{"@type":"WebSite","@id":"https:\/\/gobiernu.cw\/#website","url":"https:\/\/gobiernu.cw\/","name":"Informashon tokante Gobi\u00e8rnu di K\u00f2rsou","description":"Gobi\u00e8rnu di K\u00f2rsou","publisher":{"@id":"https:\/\/gobiernu.cw\/#organization"},"potentialAction":[{"@type":"SearchAction","target":{"@type":"EntryPoint","urlTemplate":"https:\/\/gobiernu.cw\/?s={search_term_string}"},"query-input":{"@type":"PropertyValueSpecification","valueRequired":true,"valueName":"search_term_string"}}],"inLanguage":"nl-NL"},{"@type":"Organization","@id":"https:\/\/gobiernu.cw\/#organization","name":"Gobi\u00e8rnu di K\u00f2rsou","url":"https:\/\/gobiernu.cw\/","logo":{"@type":"ImageObject","inLanguage":"nl-NL","@id":"https:\/\/gobiernu.cw\/#\/schema\/logo\/image\/","url":"https:\/\/gobiernu.cw\/wp-content\/uploads\/2019\/01\/Logo_regering_3.png","contentUrl":"https:\/\/gobiernu.cw\/wp-content\/uploads\/2019\/01\/Logo_regering_3.png","width":129,"height":115,"caption":"Gobi\u00e8rnu di K\u00f2rsou"},"image":{"@id":"https:\/\/gobiernu.cw\/#\/schema\/logo\/image\/"}}]}},"jetpack_sharing_enabled":true,"_links":{"self":[{"href":"https:\/\/gobiernu.cw\/nl\/wp-json\/wp\/v2\/nieuw\/549389","targetHints":{"allow":["GET"]}}],"collection":[{"href":"https:\/\/gobiernu.cw\/nl\/wp-json\/wp\/v2\/nieuw"}],"about":[{"href":"https:\/\/gobiernu.cw\/nl\/wp-json\/wp\/v2\/types\/nieuw"}],"wp:attachment":[{"href":"https:\/\/gobiernu.cw\/nl\/wp-json\/wp\/v2\/media?parent=549389"}],"wp:term":[{"taxonomy":"nieuws_category","embeddable":true,"href":"https:\/\/gobiernu.cw\/nl\/wp-json\/wp\/v2\/nieuws_category?post=549389"},{"taxonomy":"ministry","embeddable":true,"href":"https:\/\/gobiernu.cw\/nl\/wp-json\/wp\/v2\/ministry?post=549389"}],"curies":[{"name":"wp","href":"https:\/\/api.w.org\/{rel}","templated":true}]}}