{"id":556952,"date":"2025-11-28T09:14:08","date_gmt":"2025-11-28T13:14:08","guid":{"rendered":"https:\/\/gobiernu.cw\/?post_type=nieuw&#038;p=556952"},"modified":"2025-11-28T14:41:40","modified_gmt":"2025-11-28T18:41:40","slug":"556952-2","status":"publish","type":"nieuw","link":"https:\/\/gobiernu.cw\/nl\/nieuw\/556952-2\/","title":{"rendered":"NCSC-top bezoekt Gouverneur"},"content":{"rendered":"<p>WILLEMSTAD &#8211; \u00a0Op donderdag 27 november 2025 heeft de heer Matthijs van Amelsfort, directeur van het Nationaal Cyber Security Centrum (NCSC) een bezoek gebracht aan de Gouverneur van Cura\u00e7ao Zijne Excellentie Mauritsz de Kort. De heer Amelsfort werd vergezeld met de heer Collin Haen co\u00f6rdinator bestuurlijke ondersteuning NCSC. De heren zijn onder anderen op Cura\u00e7ao voor een actieve bijdrage aan de \u201cWeek van de Crisisbeheersing\u201d van het Koninkrijk die op Cura\u00e7ao plaatsvindt. Daarbij is onder meer gesproken over recente ontwikkelingen in de samenwerking op het gebied van de bestrijding van cyber ondermijnende criminaliteit.<\/p>\n<div id=\"attachment_556953\" style=\"width: 1256px\" class=\"wp-caption alignnone\"><img aria-describedby=\"caption-attachment-556953\" loading=\"lazy\" class=\"wp-image-556953 size-full\" src=\"https:\/\/gobiernu.cw\/wp-content\/uploads\/2025\/11\/20251127_145126.jpg\" alt=\"\" width=\"1246\" height=\"2040\" \/><p id=\"caption-attachment-556953\" class=\"wp-caption-text\">De heer Matthijs van Amelsfort de Gouverneur van Cura\u00e7ao Z.E. Mauritsz de Kort en de heer Collin Haen.<\/p><\/div>\n","protected":false},"excerpt":{"rendered":"<p>WILLEMSTAD &#8211; \u00a0Op donderdag 27 november 2025 heeft de heer Matthijs van Amelsfort, directeur van het Nationaal Cyber Security Centrum (NCSC) een bezoek gebracht aan de<span class=\"excerpt-hellip\"> [\u2026]<\/span><\/p>\n","protected":false},"featured_media":556953,"parent":0,"template":"","nieuws_category":[133,622,651],"ministry":[207],"class_list":["post-556952","nieuw","type-nieuw","status-publish","has-post-thumbnail","hentry","nieuws_category-persberichten-nl","nieuws_category-gouverneur-van-curacao","nieuws_category-komunikado-nl","ministry-algemene-zaken-en-minister-president"],"acf":[],"yoast_head":"<!-- This site is optimized with the Yoast SEO plugin v27.4 - https:\/\/yoast.com\/product\/yoast-seo-wordpress\/ -->\n<title>NCSC-top bezoekt Gouverneur - Informashon tokante Gobi\u00e8rnu di K\u00f2rsou<\/title>\n<meta name=\"robots\" content=\"noindex, follow\" \/>\n<meta name=\"twitter:card\" content=\"summary_large_image\" \/>\n<meta name=\"twitter:title\" content=\"NCSC-top bezoekt Gouverneur - Informashon tokante Gobi\u00e8rnu di K\u00f2rsou\" \/>\n<meta name=\"twitter:description\" content=\"WILLEMSTAD &#8211; \u00a0Op donderdag 27 november 2025 heeft de heer Matthijs van Amelsfort, directeur van het Nationaal Cyber Security Centrum (NCSC) een bezoek gebracht aan de [\u2026]\" \/>\n<meta name=\"twitter:image\" content=\"https:\/\/gobiernu.cw\/wp-content\/uploads\/2025\/11\/20251127_145126-e1764335600897.jpg\" \/>\n<meta name=\"twitter:label1\" content=\"Geschatte leestijd\" \/>\n\t<meta name=\"twitter:data1\" content=\"1 minuut\" \/>\n<script type=\"application\/ld+json\" class=\"yoast-schema-graph\">{\"@context\":\"https:\\\/\\\/schema.org\",\"@graph\":[{\"@type\":\"WebPage\",\"@id\":\"https:\\\/\\\/gobiernu.cw\\\/nl\\\/nieuw\\\/556952-2\\\/\",\"url\":\"https:\\\/\\\/gobiernu.cw\\\/nl\\\/nieuw\\\/556952-2\\\/\",\"name\":\"NCSC-top bezoekt Gouverneur - Informashon tokante Gobi\u00e8rnu di K\u00f2rsou\",\"isPartOf\":{\"@id\":\"https:\\\/\\\/gobiernu.cw\\\/#website\"},\"primaryImageOfPage\":{\"@id\":\"https:\\\/\\\/gobiernu.cw\\\/nl\\\/nieuw\\\/556952-2\\\/#primaryimage\"},\"image\":{\"@id\":\"https:\\\/\\\/gobiernu.cw\\\/nl\\\/nieuw\\\/556952-2\\\/#primaryimage\"},\"thumbnailUrl\":\"https:\\\/\\\/gobiernu.cw\\\/wp-content\\\/uploads\\\/2025\\\/11\\\/20251127_145126-e1764335600897.jpg\",\"datePublished\":\"2025-11-28T13:14:08+00:00\",\"dateModified\":\"2025-11-28T18:41:40+00:00\",\"breadcrumb\":{\"@id\":\"https:\\\/\\\/gobiernu.cw\\\/nl\\\/nieuw\\\/556952-2\\\/#breadcrumb\"},\"inLanguage\":\"nl-NL\",\"potentialAction\":[{\"@type\":\"ReadAction\",\"target\":[\"https:\\\/\\\/gobiernu.cw\\\/nl\\\/nieuw\\\/556952-2\\\/\"]}]},{\"@type\":\"ImageObject\",\"inLanguage\":\"nl-NL\",\"@id\":\"https:\\\/\\\/gobiernu.cw\\\/nl\\\/nieuw\\\/556952-2\\\/#primaryimage\",\"url\":\"https:\\\/\\\/gobiernu.cw\\\/wp-content\\\/uploads\\\/2025\\\/11\\\/20251127_145126-e1764335600897.jpg\",\"contentUrl\":\"https:\\\/\\\/gobiernu.cw\\\/wp-content\\\/uploads\\\/2025\\\/11\\\/20251127_145126-e1764335600897.jpg\",\"width\":1244,\"height\":1744,\"caption\":\"De heer Matthijs van Amelsfort de Gouverneur van Cura\u00e7ao Z.E. Mauritsz de Kort en de heer Collin Haen.\"},{\"@type\":\"BreadcrumbList\",\"@id\":\"https:\\\/\\\/gobiernu.cw\\\/nl\\\/nieuw\\\/556952-2\\\/#breadcrumb\",\"itemListElement\":[{\"@type\":\"ListItem\",\"position\":1,\"name\":\"Home\",\"item\":\"https:\\\/\\\/gobiernu.cw\\\/nl\\\/\"},{\"@type\":\"ListItem\",\"position\":2,\"name\":\"Nieuws\",\"item\":\"https:\\\/\\\/gobiernu.cw\\\/nl\\\/nieuws\\\/\"},{\"@type\":\"ListItem\",\"position\":3,\"name\":\"NCSC-top bezoekt Gouverneur\"}]},{\"@type\":\"WebSite\",\"@id\":\"https:\\\/\\\/gobiernu.cw\\\/#website\",\"url\":\"https:\\\/\\\/gobiernu.cw\\\/\",\"name\":\"Informashon tokante Gobi\u00e8rnu di K\u00f2rsou\",\"description\":\"Gobi\u00e8rnu di K\u00f2rsou\",\"publisher\":{\"@id\":\"https:\\\/\\\/gobiernu.cw\\\/#organization\"},\"potentialAction\":[{\"@type\":\"SearchAction\",\"target\":{\"@type\":\"EntryPoint\",\"urlTemplate\":\"https:\\\/\\\/gobiernu.cw\\\/?s={search_term_string}\"},\"query-input\":{\"@type\":\"PropertyValueSpecification\",\"valueRequired\":true,\"valueName\":\"search_term_string\"}}],\"inLanguage\":\"nl-NL\"},{\"@type\":\"Organization\",\"@id\":\"https:\\\/\\\/gobiernu.cw\\\/#organization\",\"name\":\"Gobi\u00e8rnu di K\u00f2rsou\",\"url\":\"https:\\\/\\\/gobiernu.cw\\\/\",\"logo\":{\"@type\":\"ImageObject\",\"inLanguage\":\"nl-NL\",\"@id\":\"https:\\\/\\\/gobiernu.cw\\\/#\\\/schema\\\/logo\\\/image\\\/\",\"url\":\"https:\\\/\\\/gobiernu.cw\\\/wp-content\\\/uploads\\\/2019\\\/01\\\/Logo_regering_3.png\",\"contentUrl\":\"https:\\\/\\\/gobiernu.cw\\\/wp-content\\\/uploads\\\/2019\\\/01\\\/Logo_regering_3.png\",\"width\":129,\"height\":115,\"caption\":\"Gobi\u00e8rnu di K\u00f2rsou\"},\"image\":{\"@id\":\"https:\\\/\\\/gobiernu.cw\\\/#\\\/schema\\\/logo\\\/image\\\/\"}}]}<\/script>\n<!-- \/ Yoast SEO plugin. -->","yoast_head_json":{"title":"NCSC-top bezoekt Gouverneur - Informashon tokante Gobi\u00e8rnu di K\u00f2rsou","robots":{"index":"noindex","follow":"follow"},"twitter_card":"summary_large_image","twitter_title":"NCSC-top bezoekt Gouverneur - Informashon tokante Gobi\u00e8rnu di K\u00f2rsou","twitter_description":"WILLEMSTAD &#8211; \u00a0Op donderdag 27 november 2025 heeft de heer Matthijs van Amelsfort, directeur van het Nationaal Cyber Security Centrum (NCSC) een bezoek gebracht aan de [\u2026]","twitter_image":"https:\/\/gobiernu.cw\/wp-content\/uploads\/2025\/11\/20251127_145126-e1764335600897.jpg","twitter_misc":{"Geschatte leestijd":"1 minuut"},"schema":{"@context":"https:\/\/schema.org","@graph":[{"@type":"WebPage","@id":"https:\/\/gobiernu.cw\/nl\/nieuw\/556952-2\/","url":"https:\/\/gobiernu.cw\/nl\/nieuw\/556952-2\/","name":"NCSC-top bezoekt Gouverneur - Informashon tokante Gobi\u00e8rnu di K\u00f2rsou","isPartOf":{"@id":"https:\/\/gobiernu.cw\/#website"},"primaryImageOfPage":{"@id":"https:\/\/gobiernu.cw\/nl\/nieuw\/556952-2\/#primaryimage"},"image":{"@id":"https:\/\/gobiernu.cw\/nl\/nieuw\/556952-2\/#primaryimage"},"thumbnailUrl":"https:\/\/gobiernu.cw\/wp-content\/uploads\/2025\/11\/20251127_145126-e1764335600897.jpg","datePublished":"2025-11-28T13:14:08+00:00","dateModified":"2025-11-28T18:41:40+00:00","breadcrumb":{"@id":"https:\/\/gobiernu.cw\/nl\/nieuw\/556952-2\/#breadcrumb"},"inLanguage":"nl-NL","potentialAction":[{"@type":"ReadAction","target":["https:\/\/gobiernu.cw\/nl\/nieuw\/556952-2\/"]}]},{"@type":"ImageObject","inLanguage":"nl-NL","@id":"https:\/\/gobiernu.cw\/nl\/nieuw\/556952-2\/#primaryimage","url":"https:\/\/gobiernu.cw\/wp-content\/uploads\/2025\/11\/20251127_145126-e1764335600897.jpg","contentUrl":"https:\/\/gobiernu.cw\/wp-content\/uploads\/2025\/11\/20251127_145126-e1764335600897.jpg","width":1244,"height":1744,"caption":"De heer Matthijs van Amelsfort de Gouverneur van Cura\u00e7ao Z.E. Mauritsz de Kort en de heer Collin Haen."},{"@type":"BreadcrumbList","@id":"https:\/\/gobiernu.cw\/nl\/nieuw\/556952-2\/#breadcrumb","itemListElement":[{"@type":"ListItem","position":1,"name":"Home","item":"https:\/\/gobiernu.cw\/nl\/"},{"@type":"ListItem","position":2,"name":"Nieuws","item":"https:\/\/gobiernu.cw\/nl\/nieuws\/"},{"@type":"ListItem","position":3,"name":"NCSC-top bezoekt Gouverneur"}]},{"@type":"WebSite","@id":"https:\/\/gobiernu.cw\/#website","url":"https:\/\/gobiernu.cw\/","name":"Informashon tokante Gobi\u00e8rnu di K\u00f2rsou","description":"Gobi\u00e8rnu di K\u00f2rsou","publisher":{"@id":"https:\/\/gobiernu.cw\/#organization"},"potentialAction":[{"@type":"SearchAction","target":{"@type":"EntryPoint","urlTemplate":"https:\/\/gobiernu.cw\/?s={search_term_string}"},"query-input":{"@type":"PropertyValueSpecification","valueRequired":true,"valueName":"search_term_string"}}],"inLanguage":"nl-NL"},{"@type":"Organization","@id":"https:\/\/gobiernu.cw\/#organization","name":"Gobi\u00e8rnu di K\u00f2rsou","url":"https:\/\/gobiernu.cw\/","logo":{"@type":"ImageObject","inLanguage":"nl-NL","@id":"https:\/\/gobiernu.cw\/#\/schema\/logo\/image\/","url":"https:\/\/gobiernu.cw\/wp-content\/uploads\/2019\/01\/Logo_regering_3.png","contentUrl":"https:\/\/gobiernu.cw\/wp-content\/uploads\/2019\/01\/Logo_regering_3.png","width":129,"height":115,"caption":"Gobi\u00e8rnu di K\u00f2rsou"},"image":{"@id":"https:\/\/gobiernu.cw\/#\/schema\/logo\/image\/"}}]}},"jetpack_sharing_enabled":true,"_links":{"self":[{"href":"https:\/\/gobiernu.cw\/nl\/wp-json\/wp\/v2\/nieuw\/556952","targetHints":{"allow":["GET"]}}],"collection":[{"href":"https:\/\/gobiernu.cw\/nl\/wp-json\/wp\/v2\/nieuw"}],"about":[{"href":"https:\/\/gobiernu.cw\/nl\/wp-json\/wp\/v2\/types\/nieuw"}],"wp:featuredmedia":[{"embeddable":true,"href":"https:\/\/gobiernu.cw\/nl\/wp-json\/wp\/v2\/media\/556953"}],"wp:attachment":[{"href":"https:\/\/gobiernu.cw\/nl\/wp-json\/wp\/v2\/media?parent=556952"}],"wp:term":[{"taxonomy":"nieuws_category","embeddable":true,"href":"https:\/\/gobiernu.cw\/nl\/wp-json\/wp\/v2\/nieuws_category?post=556952"},{"taxonomy":"ministry","embeddable":true,"href":"https:\/\/gobiernu.cw\/nl\/wp-json\/wp\/v2\/ministry?post=556952"}],"curies":[{"name":"wp","href":"https:\/\/api.w.org\/{rel}","templated":true}]}}